{"id":83,"date":"2016-10-08T10:45:20","date_gmt":"2016-10-08T14:45:20","guid":{"rendered":"http:\/\/microsites.diocesemontreal.org\/micrositesues\/cathedralecatholiquedemontreal\/?page_id=83"},"modified":"2019-11-05T00:05:22","modified_gmt":"2019-11-05T05:05:22","slug":"activites","status":"publish","type":"page","link":"https:\/\/microsites.diocesemontreal.org\/microsites\/cathedralecatholiquedemontreal\/patorale\/activites\/","title":{"rendered":"Activit\u00e9s"},"content":{"rendered":"<p><strong>PREMIER VENDREDI DU MOIS<\/strong><\/p>\n<p style=\"text-align: justify\">Une liturgie communautaire du pardon est\u00a0c\u00e9l\u00e9br\u00e9e le premier vendredi du mois \u00e0 12h. L&rsquo;Eucharistie, la confession\u00a0individuelle et l&rsquo;exposition du Saint-Sacrement font partie de la<br \/>\nc\u00e9l\u00e9bration.Une heure sainte anim\u00e9e a lieu \u00e0 16h et est suivie de\u00a0l&rsquo;Eucharistie.<strong><br \/>\n<\/strong><\/p>\n<p style=\"text-align: justify\"><strong>TEMPS D&rsquo;ADORATION<\/strong><\/p>\n<p style=\"text-align: justify\">Demeurez maintenant dans l\u2019Adoration du\u00a0Christ !\u00a0Tous les\u00a0fid\u00e8les\u00a0sont\u00a0invit\u00e9s de\u00a0prendre\u00a0un temps d\u2019adoration \u00a0devant le Saint Sacrement \u00e0 la chapelle de\u00a0L\u2019Assomption \u00e0 la\u00a0Cath\u00e9drale, entre 8h00 et 16h45, du lundi au\u00a0samedi, Si vous voulez passer temps avec J\u00e9sus, vraiment pr\u00e9sent au\u00a0saint\u00a0Sacrement, ne maque pas! <strong><br \/>\n<\/strong><\/p>\n<p style=\"text-align: justify\"><strong>R\u00c9CITATION DU CHAPELET<\/strong><\/p>\n<p style=\"text-align: justify\">L&rsquo;intention est celle de r\u00e9unir tous les\u00a0fid\u00e8les\u00a0catholiques ,\u00a0pour r\u00e9citer le chapelet, en semaine dans la cath\u00e9drale\u00a0d\u00e9di\u00e9\u00a0\u00e0\u00a0notre m\u00e8re Marie-Reine-du-Monde et pri\u00e8re avec Marie pour le besoin de notre\u00a0\u00c9glise\u00a0dioc\u00e9saine.\u00a0Vous \u00eates les bienvenues de lundi au vendredi \u00e0\u00a011h 30, \u00a0les samedis \u00e0 11h dans l&rsquo;Abside de la basilique et les\u00a0dimanches \u00e0 16h30.<\/p>\n<p style=\"text-align: justify\"><strong>SOUPER ET PARTAGE BIBLIQUE\u00a0<\/strong><\/p>\n<p style=\"text-align: justify\">Un souper avec partage biblique permettant aux adultes d\u2019approfondir les saintes \u00e9critures a lieu les premier vendredi de chaque mois \u00e0 18h00 au 1071 rue de la Cath\u00e9drale.<\/p>\n","protected":false},"excerpt":{"rendered":"<p>PREMIER VENDREDI DU MOIS Une liturgie communautaire du pardon est\u00a0c\u00e9l\u00e9br\u00e9e le premier vendredi du mois \u00e0 12h. L&rsquo;Eucharistie, la confession\u00a0individuelle et l&rsquo;exposition du Saint-Sacrement font partie de la c\u00e9l\u00e9bration.Une heure sainte anim\u00e9e a lieu \u00e0 16h et est suivie de\u00a0l&rsquo;Eucharistie. &hellip; <a href=\"https:\/\/microsites.diocesemontreal.org\/microsites\/cathedralecatholiquedemontreal\/patorale\/activites\/\">Continuer la lecture <span class=\"meta-nav\">&rarr;<\/span><\/a><\/p>\n","protected":false},"author":12,"featured_media":0,"parent":195,"menu_order":6,"comment_status":"closed","ping_status":"closed","template":"","meta":{"_monsterinsights_skip_tracking":false,"_monsterinsights_sitenote_active":false,"_monsterinsights_sitenote_note":"","_monsterinsights_sitenote_category":0,"footnotes":""},"class_list":["post-83","page","type-page","status-publish","hentry"],"_links":{"self":[{"href":"https:\/\/microsites.diocesemontreal.org\/microsites\/cathedralecatholiquedemontreal\/wp-json\/wp\/v2\/pages\/83","targetHints":{"allow":["GET"]}}],"collection":[{"href":"https:\/\/microsites.diocesemontreal.org\/microsites\/cathedralecatholiquedemontreal\/wp-json\/wp\/v2\/pages"}],"about":[{"href":"https:\/\/microsites.diocesemontreal.org\/microsites\/cathedralecatholiquedemontreal\/wp-json\/wp\/v2\/types\/page"}],"author":[{"embeddable":true,"href":"https:\/\/microsites.diocesemontreal.org\/microsites\/cathedralecatholiquedemontreal\/wp-json\/wp\/v2\/users\/12"}],"replies":[{"embeddable":true,"href":"https:\/\/microsites.diocesemontreal.org\/microsites\/cathedralecatholiquedemontreal\/wp-json\/wp\/v2\/comments?post=83"}],"version-history":[{"count":5,"href":"https:\/\/microsites.diocesemontreal.org\/microsites\/cathedralecatholiquedemontreal\/wp-json\/wp\/v2\/pages\/83\/revisions"}],"predecessor-version":[{"id":687,"href":"https:\/\/microsites.diocesemontreal.org\/microsites\/cathedralecatholiquedemontreal\/wp-json\/wp\/v2\/pages\/83\/revisions\/687"}],"up":[{"embeddable":true,"href":"https:\/\/microsites.diocesemontreal.org\/microsites\/cathedralecatholiquedemontreal\/wp-json\/wp\/v2\/pages\/195"}],"wp:attachment":[{"href":"https:\/\/microsites.diocesemontreal.org\/microsites\/cathedralecatholiquedemontreal\/wp-json\/wp\/v2\/media?parent=83"}],"curies":[{"name":"wp","href":"https:\/\/api.w.org\/{rel}","templated":true}]}}