{"id":957,"date":"2020-11-20T20:43:19","date_gmt":"2020-11-20T19:43:19","guid":{"rendered":"https:\/\/microsites.diocesemontreal.org\/microsites\/semaine-sainte-et-paques\/?page_id=957"},"modified":"2021-03-22T21:53:50","modified_gmt":"2021-03-22T20:53:50","slug":"watching-teens","status":"publish","type":"page","link":"https:\/\/microsites.diocesemontreal.org\/microsites\/semaine-sainte-et-paques\/en\/teens\/watching-teens\/","title":{"rendered":"Watching Teens"},"content":{"rendered":"<p>[et_pb_section fb_built=\u00a0\u00bb1&Prime; fullwidth=\u00a0\u00bbon\u00a0\u00bb admin_label=\u00a0\u00bbHeader\u00a0\u00bb _builder_version=\u00a0\u00bb4.9.2&Prime; background_image=\u00a0\u00bbhttps:\/\/microsites.diocesemontreal.org\/microsites\/semaine-sainte-et-paques\/wp-content\/uploads\/sites\/47\/2021\/03\/regarder-ados-3.jpg\u00a0\u00bb parallax=\u00a0\u00bbon\u00a0\u00bb hover_enabled=\u00a0\u00bb0&Prime; disabled_on=\u00a0\u00bbon|off|off\u00a0\u00bb sticky_enabled=\u00a0\u00bb0&Prime;][et_pb_fullwidth_header title=\u00a0\u00bbWatching\u00a0\u00bb subhead=\u00a0\u00bbArticles and videos to better understand and experience this blessed time.\u00a0\u00bb text_orientation=\u00a0\u00bbcenter\u00a0\u00bb button_one_text=\u00a0\u00bbHoly Week\u00a0\u00bb button_one_url=\u00a0\u00bb#watch-teen-hw\u00a0\u00bb button_two_text=\u00a0\u00bbEaster\u00a0\u00bb button_two_url=\u00a0\u00bb#watch-teen-easter\u00a0\u00bb _builder_version=\u00a0\u00bb4.8.2&Prime; title_font=\u00a0\u00bbAcme|700|||||||\u00a0\u00bb title_font_size=\u00a0\u00bb120px\u00a0\u00bb title_line_height=\u00a0\u00bb1.3em\u00a0\u00bb content_font=\u00a0\u00bb||||||||\u00a0\u00bb content_font_size=\u00a0\u00bb16px\u00a0\u00bb content_line_height=\u00a0\u00bb2em\u00a0\u00bb subhead_font=\u00a0\u00bbABeeZee||||||||\u00a0\u00bb subhead_font_size=\u00a0\u00bb24px\u00a0\u00bb subhead_line_height=\u00a0\u00bb1.5em\u00a0\u00bb background_color=\u00a0\u00bbrgba(0,0,0,0)\u00a0\u00bb use_background_color_gradient=\u00a0\u00bbon\u00a0\u00bb background_color_gradient_start=\u00a0\u00bbrgba(102,133,221,0.37)\u00a0\u00bb background_color_gradient_end=\u00a0\u00bbrgba(31,31,71,0.81)\u00a0\u00bb background_color_gradient_type=\u00a0\u00bbradial\u00a0\u00bb background_color_gradient_end_position=\u00a0\u00bb53%\u00a0\u00bb custom_button_one=\u00a0\u00bbon\u00a0\u00bb button_one_text_size=\u00a0\u00bb40px\u00a0\u00bb button_one_text_color=\u00a0\u00bb#ffffff\u00a0\u00bb button_one_bg_color=\u00a0\u00bb#7e1a7f\u00a0\u00bb button_one_border_width=\u00a0\u00bb2px\u00a0\u00bb button_one_border_color=\u00a0\u00bbrgba(0,0,0,0)\u00a0\u00bb button_one_border_radius=\u00a0\u00bb21px\u00a0\u00bb button_one_letter_spacing=\u00a0\u00bb3px\u00a0\u00bb button_one_font=\u00a0\u00bbDidact Gothic|700||on|||||\u00a0\u00bb button_one_use_icon=\u00a0\u00bboff\u00a0\u00bb custom_button_two=\u00a0\u00bbon\u00a0\u00bb button_two_text_size=\u00a0\u00bb40px\u00a0\u00bb button_two_text_color=\u00a0\u00bb#FFFFFF\u00a0\u00bb button_two_bg_color=\u00a0\u00bb#E09900&Prime; button_two_border_width=\u00a0\u00bb0px\u00a0\u00bb button_two_border_color=\u00a0\u00bb#ffffff\u00a0\u00bb button_two_border_radius=\u00a0\u00bb19px\u00a0\u00bb button_two_letter_spacing=\u00a0\u00bb3px\u00a0\u00bb button_two_font=\u00a0\u00bbDidact Gothic|700||on|||||\u00a0\u00bb button_two_use_icon=\u00a0\u00bboff\u00a0\u00bb custom_padding=\u00a0\u00bb10vw||7vw|||\u00a0\u00bb custom_padding_tablet=\u00a0\u00bb\u00a0\u00bb custom_padding_phone=\u00a0\u00bb||80px\u00a0\u00bb custom_padding_last_edited=\u00a0\u00bbon|phone\u00a0\u00bb animation_style=\u00a0\u00bbfade\u00a0\u00bb animation_starting_opacity=\u00a0\u00bb45%\u00a0\u00bb title_font_size_tablet=\u00a0\u00bb40px\u00a0\u00bb title_font_size_phone=\u00a0\u00bb30px\u00a0\u00bb title_font_size_last_edited=\u00a0\u00bbon|phone\u00a0\u00bb title_text_shadow_style=\u00a0\u00bbpreset1&Prime; button_one_text_shadow_style=\u00a0\u00bbpreset1&Prime; button_two_text_shadow_style=\u00a0\u00bbpreset1&Prime;][\/et_pb_fullwidth_header][\/et_pb_section][et_pb_section fb_built=\u00a0\u00bb1&Prime; fullwidth=\u00a0\u00bbon\u00a0\u00bb admin_label=\u00a0\u00bbHeader\u00a0\u00bb _builder_version=\u00a0\u00bb4.9.2&Prime; background_image=\u00a0\u00bbhttps:\/\/microsites.diocesemontreal.org\/microsites\/semaine-sainte-et-paques\/wp-content\/uploads\/sites\/47\/2021\/03\/regarder-ados-3.jpg\u00a0\u00bb parallax=\u00a0\u00bbon\u00a0\u00bb hover_enabled=\u00a0\u00bb0&Prime; disabled_on=\u00a0\u00bboff|on|on\u00a0\u00bb sticky_enabled=\u00a0\u00bb0&Prime;][et_pb_fullwidth_header title=\u00a0\u00bbWatching\u00a0\u00bb subhead=\u00a0\u00bbArticles and videos to better understand and experience this blessed time.\u00a0\u00bb text_orientation=\u00a0\u00bbcenter\u00a0\u00bb button_one_text=\u00a0\u00bbHoly Week\u00a0\u00bb button_one_url=\u00a0\u00bb#watch-teen-hw\u00a0\u00bb button_two_text=\u00a0\u00bbEaster\u00a0\u00bb button_two_url=\u00a0\u00bb#watch-teen-easter\u00a0\u00bb _builder_version=\u00a0\u00bb4.9.2&Prime; title_font=\u00a0\u00bbAcme|700|||||||\u00a0\u00bb title_font_size=\u00a0\u00bb120px\u00a0\u00bb title_line_height=\u00a0\u00bb1.3em\u00a0\u00bb content_font=\u00a0\u00bb||||||||\u00a0\u00bb content_font_size=\u00a0\u00bb16px\u00a0\u00bb content_line_height=\u00a0\u00bb2em\u00a0\u00bb subhead_font=\u00a0\u00bbABeeZee||||||||\u00a0\u00bb subhead_font_size=\u00a0\u00bb24px\u00a0\u00bb subhead_line_height=\u00a0\u00bb1.5em\u00a0\u00bb background_color=\u00a0\u00bbrgba(0,0,0,0)\u00a0\u00bb use_background_color_gradient=\u00a0\u00bbon\u00a0\u00bb background_color_gradient_start=\u00a0\u00bbrgba(102,133,221,0.37)\u00a0\u00bb background_color_gradient_end=\u00a0\u00bbrgba(31,31,71,0.81)\u00a0\u00bb background_color_gradient_type=\u00a0\u00bbradial\u00a0\u00bb background_color_gradient_end_position=\u00a0\u00bb53%\u00a0\u00bb custom_button_one=\u00a0\u00bbon\u00a0\u00bb button_one_text_size=\u00a0\u00bb21px\u00a0\u00bb button_one_text_color=\u00a0\u00bb#ffffff\u00a0\u00bb button_one_bg_color=\u00a0\u00bb#7e1a7f\u00a0\u00bb button_one_border_width=\u00a0\u00bb2px\u00a0\u00bb button_one_border_color=\u00a0\u00bbrgba(0,0,0,0)\u00a0\u00bb button_one_border_radius=\u00a0\u00bb21px\u00a0\u00bb button_one_letter_spacing=\u00a0\u00bb3px\u00a0\u00bb button_one_font=\u00a0\u00bbDidact Gothic|700||on|||||\u00a0\u00bb button_one_use_icon=\u00a0\u00bboff\u00a0\u00bb custom_button_two=\u00a0\u00bbon\u00a0\u00bb button_two_text_size=\u00a0\u00bb23px\u00a0\u00bb button_two_text_color=\u00a0\u00bb#FFFFFF\u00a0\u00bb button_two_bg_color=\u00a0\u00bb#E09900&Prime; button_two_border_width=\u00a0\u00bb0px\u00a0\u00bb button_two_border_color=\u00a0\u00bb#ffffff\u00a0\u00bb button_two_border_radius=\u00a0\u00bb19px\u00a0\u00bb button_two_letter_spacing=\u00a0\u00bb3px\u00a0\u00bb button_two_font=\u00a0\u00bbDidact Gothic|700||on|||||\u00a0\u00bb button_two_use_icon=\u00a0\u00bboff\u00a0\u00bb custom_padding=\u00a0\u00bb10vw||7vw|||\u00a0\u00bb custom_padding_tablet=\u00a0\u00bb\u00a0\u00bb custom_padding_phone=\u00a0\u00bb||80px\u00a0\u00bb custom_padding_last_edited=\u00a0\u00bbon|phone\u00a0\u00bb animation_style=\u00a0\u00bbfade\u00a0\u00bb animation_starting_opacity=\u00a0\u00bb45%\u00a0\u00bb hover_enabled=\u00a0\u00bb0&Prime; title_font_size_tablet=\u00a0\u00bb40px\u00a0\u00bb title_font_size_phone=\u00a0\u00bb30px\u00a0\u00bb title_font_size_last_edited=\u00a0\u00bbon|phone\u00a0\u00bb title_text_shadow_style=\u00a0\u00bbpreset1&Prime; button_one_text_shadow_style=\u00a0\u00bbpreset1&Prime; button_two_text_shadow_style=\u00a0\u00bbpreset1&Prime; sticky_enabled=\u00a0\u00bb0&Prime;][\/et_pb_fullwidth_header][\/et_pb_section][et_pb_section fb_built=\u00a0\u00bb1&Prime; module_id=\u00a0\u00bbwatch-teen-hw\u00a0\u00bb _builder_version=\u00a0\u00bb4.8.2&Prime; _module_preset=\u00a0\u00bbdefault\u00a0\u00bb min_height=\u00a0\u00bb257px\u00a0\u00bb][et_pb_row _builder_version=\u00a0\u00bb4.6.0&Prime; _module_preset=\u00a0\u00bbdefault\u00a0\u00bb][et_pb_column type=\u00a0\u00bb4_4&Prime; _builder_version=\u00a0\u00bb4.6.0&Prime; _module_preset=\u00a0\u00bbdefault\u00a0\u00bb][et_pb_text _builder_version=\u00a0\u00bb4.8.2&Prime; _module_preset=\u00a0\u00bbdefault\u00a0\u00bb text_text_color=\u00a0\u00bb#8300e9&Prime; header_font=\u00a0\u00bbABeeZee||||||||\u00a0\u00bb header_text_align=\u00a0\u00bbleft\u00a0\u00bb header_text_color=\u00a0\u00bb#7e1a7f\u00a0\u00bb header_font_size=\u00a0\u00bb66px\u00a0\u00bb header_2_font=\u00a0\u00bbABeeZee|700|||||||\u00a0\u00bb header_2_text_color=\u00a0\u00bb#7e1a7f\u00a0\u00bb header_2_font_size=\u00a0\u00bb35px\u00a0\u00bb header_4_font=\u00a0\u00bbABeeZee||||||||\u00a0\u00bb header_4_text_color=\u00a0\u00bb#6b6b6b\u00a0\u00bb header_4_line_height=\u00a0\u00bb1.6em\u00a0\u00bb filter_saturate=\u00a0\u00bb103%\u00a0\u00bb]<\/p>\n<h1><b><i>HOLY WEEK<\/i><\/b><\/h1>\n<p><em><strong><\/strong><\/em><\/p>\n<h2><b>Watching with Hope<\/b><\/h2>\n<p>[\/et_pb_text][\/et_pb_column][\/et_pb_row][et_pb_row column_structure=\u00a0\u00bb1_2,1_2&Prime; _builder_version=\u00a0\u00bb4.6.0&Prime; _module_preset=\u00a0\u00bbdefault\u00a0\u00bb][et_pb_column type=\u00a0\u00bb1_2&Prime; _builder_version=\u00a0\u00bb4.6.0&Prime; _module_preset=\u00a0\u00bbdefault\u00a0\u00bb][et_pb_blurb image=\u00a0\u00bbhttps:\/\/microsites.diocesemontreal.org\/microsites\/semaine-sainte-et-paques\/wp-content\/uploads\/sites\/47\/2021\/02\/MOVIE-LENT-300&#215;300-1.jpg\u00a0\u00bb alt=\u00a0\u00bbMOVIE-LENT-300&#215;300&Prime; _builder_version=\u00a0\u00bb4.8.2&Prime; _module_preset=\u00a0\u00bbdefault\u00a0\u00bb header_font=\u00a0\u00bbABeeZee|700|||||||\u00a0\u00bb body_font=\u00a0\u00bbABeeZee||||||||\u00a0\u00bb body_font_size=\u00a0\u00bb15px\u00a0\u00bb border_radii=\u00a0\u00bbon|16px|16px|16px|16px\u00a0\u00bb]<\/p>\n<h5><strong><span style=\"color: #800080;\"><span>Movies for Lent &#8211; Catholic Digest<\/span><\/span><\/strong><\/h5>\n<p style=\"text-align: justify;\">During Lent we try to present movies about the story of salvation on family movie night. I include those below along with other Lenten categories: conversion, prayer, fasting\/sacrifice, and almsgiving.<\/p>\n<p><strong>Link:<\/strong><a href=\"http:\/\/www.catholicdigest.com\/entertainment\/worth-watching\/movies-for-lent\/\">\u00a0<strong><em>Here<\/em><\/strong><\/a><\/p>\n<p>[\/et_pb_blurb][\/et_pb_column][et_pb_column type=\u00a0\u00bb1_2&Prime; _builder_version=\u00a0\u00bb4.6.0&Prime; _module_preset=\u00a0\u00bbdefault\u00a0\u00bb][et_pb_video src=\u00a0\u00bbhttps:\/\/youtu.be\/4sgbQJsS8uE?list=PLeXS0cAkuTPpJ6j3eH59WudJhJ4q1tpwH\u00a0\u00bb _builder_version=\u00a0\u00bb4.8.2&Prime; _module_preset=\u00a0\u00bbdefault\u00a0\u00bb][\/et_pb_video][et_pb_blurb alt=\u00a0\u00bbpas-du-monde-300&#215;300&Prime; _builder_version=\u00a0\u00bb4.9.2&Prime; _module_preset=\u00a0\u00bbdefault\u00a0\u00bb header_font=\u00a0\u00bbABeeZee|700|||||||\u00a0\u00bb body_font=\u00a0\u00bbABeeZee||||||||\u00a0\u00bb body_font_size=\u00a0\u00bb15px\u00a0\u00bb body_line_height=\u00a0\u00bb1.8em\u00a0\u00bb]<\/p>\n<p><strong><span style=\"color: #800080;\"><span>The Role of Hope in Holy Week<\/span><\/span><\/strong><br \/>Fr. Mike explains how hope is knowing that we have Jesus and knowing that we need him. This hope can empower us to courageously get through our darkest hours.<\/p>\n<p>&nbsp;<\/p>\n<p>[\/et_pb_blurb][\/et_pb_column][\/et_pb_row][et_pb_row column_structure=\u00a0\u00bb1_3,1_3,1_3&Prime; _builder_version=\u00a0\u00bb4.6.0&Prime; _module_preset=\u00a0\u00bbdefault\u00a0\u00bb][et_pb_column type=\u00a0\u00bb1_3&Prime; _builder_version=\u00a0\u00bb4.6.0&Prime; _module_preset=\u00a0\u00bbdefault\u00a0\u00bb][et_pb_video src=\u00a0\u00bbhttps:\/\/youtu.be\/9_AqSPvGGik\u00a0\u00bb _builder_version=\u00a0\u00bb4.8.2&Prime; _module_preset=\u00a0\u00bbdefault\u00a0\u00bb][\/et_pb_video][et_pb_blurb alt=\u00a0\u00bbpas-du-monde-300&#215;300&Prime; _builder_version=\u00a0\u00bb4.9.2&Prime; _module_preset=\u00a0\u00bbdefault\u00a0\u00bb header_font=\u00a0\u00bbABeeZee|700|||||||\u00a0\u00bb body_font=\u00a0\u00bbABeeZee||||||||\u00a0\u00bb body_font_size=\u00a0\u00bb15px\u00a0\u00bb body_line_height=\u00a0\u00bb1.8em\u00a0\u00bb]<\/p>\n<p style=\"text-align: justify;\"><strong><span style=\"color: #800080;\"><span>Learning from Judas (Fr. Mike Schmitz)<\/span><\/span><\/strong><br \/>What if Judas chose to share his true intentions with one of the other apostles? He kept his plans to himself, preferring to keep them unexposed and leaving his friends in the dark. Father Mike Schmitz sheds some light on Judas\u2019 betrayal, explaining how we are all tempted to hide behind a similar mask.<\/p>\n<p>&nbsp;<\/p>\n<p>[\/et_pb_blurb][\/et_pb_column][et_pb_column type=\u00a0\u00bb1_3&Prime; _builder_version=\u00a0\u00bb4.6.0&Prime; _module_preset=\u00a0\u00bbdefault\u00a0\u00bb][et_pb_video src=\u00a0\u00bbhttps:\/\/youtu.be\/hS7XHev5eBI\u00a0\u00bb _builder_version=\u00a0\u00bb4.9.2&Prime; _module_preset=\u00a0\u00bbdefault\u00a0\u00bb][\/et_pb_video][et_pb_blurb alt=\u00a0\u00bbthe-chosen300x300&Prime; _builder_version=\u00a0\u00bb4.9.2&Prime; _module_preset=\u00a0\u00bbdefault\u00a0\u00bb header_font=\u00a0\u00bbABeeZee|700|||||||\u00a0\u00bb body_font=\u00a0\u00bbABeeZee||||||||\u00a0\u00bb body_font_size=\u00a0\u00bb15px\u00a0\u00bb]<\/p>\n<h5><strong><span style=\"color: #800080;\"><span>Good Friday, The Meaning of the Cross<\/span><\/span><\/strong><\/h5>\n<p style=\"text-align: justify;\">Many people wonder, and even become angry, about God\u2019s ways. In this video for Good Friday, Fr. Mike explains why God\u2019s answers often seem like contradictions to us. While Jesus dying on the Cross makes no sense according to human wisdom, according to God\u2019s perfect wisdom\u200b,\u200b the Cross answers all our most burning questions in a way only God can answer them.<\/p>\n<p><strong>Link:<\/strong><a href=\"https:\/\/www.youtube.com\/playlist?list=PLwjoqDa8kUBL_trCMU-TzEFE1Sm7kYuP6\">\u00a0<strong><em>Here<\/em><\/strong><\/a><\/p>\n<p>[\/et_pb_blurb][\/et_pb_column][et_pb_column type=\u00a0\u00bb1_3&Prime; _builder_version=\u00a0\u00bb4.6.0&Prime; _module_preset=\u00a0\u00bbdefault\u00a0\u00bb][et_pb_blurb image=\u00a0\u00bbhttps:\/\/microsites.diocesemontreal.org\/microsites\/semaine-sainte-et-paques\/wp-content\/uploads\/sites\/47\/2021\/02\/the-chosen300x300.jpg\u00a0\u00bb alt=\u00a0\u00bbthe-chosen300x300&Prime; _builder_version=\u00a0\u00bb4.8.2&Prime; _module_preset=\u00a0\u00bbdefault\u00a0\u00bb header_font=\u00a0\u00bbABeeZee|700|||||||\u00a0\u00bb body_font=\u00a0\u00bbABeeZee||||||||\u00a0\u00bb body_font_size=\u00a0\u00bb15px\u00a0\u00bb border_radii=\u00a0\u00bbon|16px|16px|16px|16px\u00a0\u00bb]<\/p>\n<h5><strong><span style=\"color: #800080;\"><span>The Chosen<\/span><\/span><\/strong><\/h5>\n<p style=\"text-align: justify;\">Series on the life of Jesus.<\/p>\n<p><strong>Link:<\/strong><a href=\"https:\/\/www.youtube.com\/playlist?list=PLwjoqDa8kUBL_trCMU-TzEFE1Sm7kYuP6\">\u00a0<strong><em>Here<\/em><\/strong><\/a><\/p>\n<p>[\/et_pb_blurb][\/et_pb_column][\/et_pb_row][\/et_pb_section][et_pb_section fb_built=\u00a0\u00bb1&Prime; module_id=\u00a0\u00bbwatch-teen-easter\u00a0\u00bb _builder_version=\u00a0\u00bb4.8.2&Prime; _module_preset=\u00a0\u00bbdefault\u00a0\u00bb min_height=\u00a0\u00bb257px\u00a0\u00bb][et_pb_row _builder_version=\u00a0\u00bb4.6.0&Prime; _module_preset=\u00a0\u00bbdefault\u00a0\u00bb][et_pb_column type=\u00a0\u00bb4_4&Prime; _builder_version=\u00a0\u00bb4.6.0&Prime; _module_preset=\u00a0\u00bbdefault\u00a0\u00bb][et_pb_text _builder_version=\u00a0\u00bb4.8.2&Prime; _module_preset=\u00a0\u00bbdefault\u00a0\u00bb text_text_color=\u00a0\u00bb#8300e9&Prime; header_font=\u00a0\u00bbABeeZee||||||||\u00a0\u00bb header_text_align=\u00a0\u00bbleft\u00a0\u00bb header_text_color=\u00a0\u00bb#E09900&Prime; header_font_size=\u00a0\u00bb66px\u00a0\u00bb header_2_font=\u00a0\u00bbABeeZee|700|||||||\u00a0\u00bb header_2_text_color=\u00a0\u00bb#E09900&Prime; header_2_font_size=\u00a0\u00bb35px\u00a0\u00bb header_4_font=\u00a0\u00bbABeeZee||||||||\u00a0\u00bb header_4_text_color=\u00a0\u00bb#6b6b6b\u00a0\u00bb header_4_line_height=\u00a0\u00bb1.6em\u00a0\u00bb filter_saturate=\u00a0\u00bb103%\u00a0\u00bb]<\/p>\n<h1><em><strong>EASTER<\/strong><\/em><\/h1>\n<p><em><strong><\/strong><\/em><\/p>\n<h2><b>Watching with Joy<\/b><\/h2>\n<p>[\/et_pb_text][\/et_pb_column][\/et_pb_row][et_pb_row column_structure=\u00a0\u00bb1_2,1_2&Prime; _builder_version=\u00a0\u00bb4.6.0&Prime; _module_preset=\u00a0\u00bbdefault\u00a0\u00bb][et_pb_column type=\u00a0\u00bb1_2&Prime; _builder_version=\u00a0\u00bb4.6.0&Prime; _module_preset=\u00a0\u00bbdefault\u00a0\u00bb][et_pb_video src=\u00a0\u00bbhttps:\/\/youtu.be\/y7Oif_R_kUg\u00a0\u00bb _builder_version=\u00a0\u00bb4.8.2&Prime; _module_preset=\u00a0\u00bbdefault\u00a0\u00bb][\/et_pb_video][et_pb_blurb alt=\u00a0\u00bbpas-du-monde-300&#215;300&Prime; _builder_version=\u00a0\u00bb4.9.2&Prime; _module_preset=\u00a0\u00bbdefault\u00a0\u00bb header_font=\u00a0\u00bbABeeZee|700|||||||\u00a0\u00bb body_font=\u00a0\u00bbABeeZee||||||||\u00a0\u00bb body_font_size=\u00a0\u00bb15px\u00a0\u00bb body_line_height=\u00a0\u00bb1.8em\u00a0\u00bb]<\/p>\n<p><strong><span style=\"color: #800080;\"><span>Easter Sunday &#8211; We Are Made New (Life Teen)<\/span><\/span><\/strong><br \/>Enter into the liturgy of Easter and find a deeper meaning of the Resurrection for our own lives.<\/p>\n<p>[\/et_pb_blurb][\/et_pb_column][et_pb_column type=\u00a0\u00bb1_2&Prime; _builder_version=\u00a0\u00bb4.6.0&Prime; _module_preset=\u00a0\u00bbdefault\u00a0\u00bb][et_pb_blurb image=\u00a0\u00bbhttps:\/\/microsites.diocesemontreal.org\/microsites\/semaine-sainte-et-paques\/wp-content\/uploads\/sites\/47\/2021\/03\/teens-joy-300&#215;300-1.jpg\u00a0\u00bb alt=\u00a0\u00bbteens-joy-300&#215;300&Prime; _builder_version=\u00a0\u00bb4.8.2&Prime; _module_preset=\u00a0\u00bbdefault\u00a0\u00bb header_font=\u00a0\u00bbABeeZee|700|||||||\u00a0\u00bb body_font=\u00a0\u00bbABeeZee||||||||\u00a0\u00bb body_font_size=\u00a0\u00bb15px\u00a0\u00bb border_radii=\u00a0\u00bbon|16px|16px|16px|16px\u00a0\u00bb]<\/p>\n<h5><strong><span style=\"color: #800080;\"><span>The JOY of Easter<\/span><\/span><\/strong><\/h5>\n<p style=\"text-align: justify;\"><span data-contrast=\"auto\" xml:lang=\"EN-US\" lang=\"EN-US\" class=\"TextRun SCXW17372726 BCX9\"><span class=\"NormalTextRun SCXW17372726 BCX9\">It is t<\/span><\/span><span data-contrast=\"auto\" xml:lang=\"EN-US\" lang=\"EN-US\" class=\"TextRun SCXW17372726 BCX9\"><span class=\"NormalTextRun SCXW17372726 BCX9\">ough to face the Lenten season,<span>\u00a0<\/span><\/span><\/span><span data-contrast=\"auto\" xml:lang=\"EN-US\" lang=\"EN-US\" class=\"TextRun SCXW17372726 BCX9\"><span class=\"NormalTextRun SCXW17372726 BCX9\">but we must rise to the challenge of this season and use this time to truly discern how God wants us to live a greater life more united to Him. The best part about Lent is that we know what happens next \u2014 the joy of Easter when Christ rises from the dead and we rise with Him!\u00a0<\/span><\/span><span class=\"EOP SCXW17372726 BCX9\" data-ccp-props=\"{&quot;134233279&quot;:true,&quot;201341983&quot;:0,&quot;335559739&quot;:160,&quot;335559740&quot;:259}\">\u00a0<\/span><\/p>\n<p><strong>Link:<\/strong><a href=\"https:\/\/lifeteen.com\/blog\/the-joy-of-easter\/\">\u00a0<strong><em>Here<\/em><\/strong><\/a><\/p>\n<p>[\/et_pb_blurb][\/et_pb_column][\/et_pb_row][et_pb_row column_structure=\u00a0\u00bb1_3,1_3,1_3&Prime; _builder_version=\u00a0\u00bb4.6.0&Prime; _module_preset=\u00a0\u00bbdefault\u00a0\u00bb][et_pb_column type=\u00a0\u00bb1_3&Prime; _builder_version=\u00a0\u00bb4.6.0&Prime; _module_preset=\u00a0\u00bbdefault\u00a0\u00bb][et_pb_blurb image=\u00a0\u00bbhttps:\/\/microsites.diocesemontreal.org\/microsites\/semaine-sainte-et-paques\/wp-content\/uploads\/sites\/47\/2021\/03\/la-grotte-300&#215;300-1.jpg\u00a0\u00bb alt=\u00a0\u00bbla-grotte-300&#215;300&Prime; _builder_version=\u00a0\u00bb4.9.2&Prime; _module_preset=\u00a0\u00bbdefault\u00a0\u00bb header_font=\u00a0\u00bbABeeZee|700|||||||\u00a0\u00bb body_font=\u00a0\u00bbABeeZee||||||||\u00a0\u00bb body_font_size=\u00a0\u00bb15px\u00a0\u00bb border_radii=\u00a0\u00bbon|16px|16px|16px|16px\u00a0\u00bb]<\/p>\n<h5><strong><span style=\"color: #800080;\"><span>15 Logical Reasons to Believe in the Resurrection<\/span><\/span><\/strong><\/h5>\n<p style=\"text-align: justify;\">Many people will tell you that \u201cbased on human logic\u201d the Resurrection makes no sense. The first thing we need to remember is that \u201chuman logic\u201d is not omnipotence. God makes it very clear that \u201c(His) ways are not our ways, nor are His thoughts our thoughts.\u201d<br \/><strong>Link:<\/strong><a href=\"https:\/\/lifeteen.com\/blog\/15-logical-reasons-to-believe-in-the-resurrection\/\">\u00a0<strong><em>Here<\/em><\/strong><\/a><\/p>\n<p>[\/et_pb_blurb][\/et_pb_column][et_pb_column type=\u00a0\u00bb1_3&Prime; _builder_version=\u00a0\u00bb4.6.0&Prime; _module_preset=\u00a0\u00bbdefault\u00a0\u00bb][et_pb_video src=\u00a0\u00bbhttps:\/\/youtu.be\/-JARQNFv9SQ\u00a0\u00bb _builder_version=\u00a0\u00bb4.8.2&Prime; _module_preset=\u00a0\u00bbdefault\u00a0\u00bb][\/et_pb_video][et_pb_blurb alt=\u00a0\u00bbMOVIE-LENT-300&#215;300&Prime; _builder_version=\u00a0\u00bb4.9.2&Prime; _module_preset=\u00a0\u00bbdefault\u00a0\u00bb header_font=\u00a0\u00bbABeeZee|700|||||||\u00a0\u00bb body_font=\u00a0\u00bbABeeZee||||||||\u00a0\u00bb body_font_size=\u00a0\u00bb15px\u00a0\u00bb]<\/p>\n<h5><strong><span style=\"color: #800080;\"><span>Risen (Movie to rent)<\/span><\/span><\/strong><\/h5>\n<p style=\"text-align: justify;\"><span data-contrast=\"auto\" xml:lang=\"EN-US\" lang=\"EN-US\" class=\"TextRun SCXW85086496 BCX9\"><span class=\"NormalTextRun SCXW85086496 BCX9\">Roman military tribune<span>\u00a0<\/span><\/span><\/span><span data-contrast=\"auto\" xml:lang=\"EN-US\" lang=\"EN-US\" class=\"TextRun SCXW85086496 BCX9\"><span class=\"NormalTextRun SpellingErrorV2 SCXW85086496 BCX9\">Clavius<\/span><\/span><span data-contrast=\"auto\" xml:lang=\"EN-US\" lang=\"EN-US\" class=\"TextRun SCXW85086496 BCX9\"><span class=\"NormalTextRun SCXW85086496 BCX9\"><span>\u00a0<\/span>remains set in his ways after serving 25 years in the army. He arrives at a crossroads when he\u2019s tasked with investigating the mystery of what happened to Jesus following the Crucifixion. Ac<\/span><\/span><span data-contrast=\"auto\" xml:lang=\"EN-US\" lang=\"EN-US\" class=\"TextRun SCXW85086496 BCX9\"><span class=\"NormalTextRun SCXW85086496 BCX9\">companied by trusted aide Lucius<\/span><\/span><span data-contrast=\"auto\" xml:lang=\"EN-US\" lang=\"EN-US\" class=\"TextRun SCXW85086496 BCX9\"><span class=\"NormalTextRun SCXW85086496 BCX9\">, his quest to disprove rumours of a risen Messiah makes him question hi<\/span><\/span><span data-contrast=\"auto\" xml:lang=\"EN-US\" lang=\"EN-US\" class=\"TextRun SCXW85086496 BCX9\"><span class=\"NormalTextRun SCXW85086496 BCX9\">s own beliefs and spirituality<span>\u00a0<\/span><\/span><\/span><span data-contrast=\"auto\" xml:lang=\"EN-US\" lang=\"EN-US\" class=\"TextRun SCXW85086496 BCX9\"><span class=\"NormalTextRun SCXW85086496 BCX9\">(Imdb.com)<\/span><\/span><span data-contrast=\"auto\" xml:lang=\"EN-US\" lang=\"EN-US\" class=\"TextRun SCXW85086496 BCX9\"><span class=\"NormalTextRun SCXW85086496 BCX9\">.<\/span><\/span><span class=\"EOP SCXW85086496 BCX9\" data-ccp-props=\"{&quot;134233279&quot;:true,&quot;201341983&quot;:0,&quot;335559739&quot;:160,&quot;335559740&quot;:259}\">\u00a0<\/span><\/p>\n<p>[\/et_pb_blurb][\/et_pb_column][et_pb_column type=\u00a0\u00bb1_3&Prime; _builder_version=\u00a0\u00bb4.6.0&Prime; _module_preset=\u00a0\u00bbdefault\u00a0\u00bb][et_pb_blurb image=\u00a0\u00bbhttps:\/\/microsites.diocesemontreal.org\/microsites\/semaine-sainte-et-paques\/wp-content\/uploads\/sites\/47\/2021\/03\/a-d-bible-300&#215;300-1.jpg\u00a0\u00bb alt=\u00a0\u00bba-d-bible-300&#215;300&Prime; _builder_version=\u00a0\u00bb4.9.2&Prime; _module_preset=\u00a0\u00bbdefault\u00a0\u00bb header_font=\u00a0\u00bbABeeZee|700|||||||\u00a0\u00bb body_font=\u00a0\u00bbABeeZee||||||||\u00a0\u00bb body_font_size=\u00a0\u00bb15px\u00a0\u00bb border_radii=\u00a0\u00bbon|16px|16px|16px|16px\u00a0\u00bb]<\/p>\n<h5><strong><span style=\"color: #800080;\"><span>A.D. The Bible Continues<\/span><\/span><\/strong><\/h5>\n<p style=\"text-align: justify;\"><span data-contrast=\"auto\" xml:lang=\"EN-US\" lang=\"EN-US\" class=\"TextRun SCXW77862082 BCX9\"><span class=\"NormalTextRun SCXW77862082 BCX9\">This epic story picks up exploring a tiny band of followers, every day is a fight for survival, and their mission to spread the Word to the world seems impossible. The growing church brings growing challenges for Peter, John and Mary Magdalene, and they are pushed to the limit, facing trials and imprisonments, persecutions and punishments, whilst trying to understand the G<\/span><\/span><span data-contrast=\"auto\" xml:lang=\"EN-US\" lang=\"EN-US\" class=\"TextRun SCXW77862082 BCX9\"><span class=\"NormalTextRun SCXW77862082 BCX9\">od-given power granted to them<span>\u00a0<\/span><\/span><\/span><span data-contrast=\"auto\" xml:lang=\"EN-US\" lang=\"EN-US\" class=\"TextRun SCXW77862082 BCX9\"><span class=\"NormalTextRun SCXW77862082 BCX9\">(on Amazon.com (Prime), some scenes are violent).<\/span><\/span><span class=\"EOP SCXW77862082 BCX9\" data-ccp-props=\"{&quot;134233279&quot;:true,&quot;201341983&quot;:0,&quot;335559739&quot;:160,&quot;335559740&quot;:259}\">\u00a0<\/span><\/p>\n<p><strong>Link<\/strong><a href=\"https:\/\/www.amazon.com\/D-Bible-Continues-Season\/dp\/B00V4JJ0E8\"><strong>:<\/strong>\u00a0<strong><em>Here<\/em><\/strong><\/a><\/p>\n<p>[\/et_pb_blurb][\/et_pb_column][\/et_pb_row][\/et_pb_section]<\/p>\n","protected":false},"excerpt":{"rendered":"<p>HOLY WEEK Watching with HopeMovies for Lent &#8211; Catholic Digest During Lent we try to present movies about the story of salvation on family movie night. I include those below along with other Lenten categories: conversion, prayer, fasting\/sacrifice, and almsgiving. Link:\u00a0HereThe Role of Hope in Holy WeekFr. Mike explains how hope is knowing that we [&hellip;]<\/p>\n","protected":false},"author":359,"featured_media":0,"parent":670,"menu_order":0,"comment_status":"closed","ping_status":"closed","template":"","meta":{"_et_pb_use_builder":"on","_et_pb_old_content":"","_et_gb_content_width":"","_monsterinsights_skip_tracking":false,"_monsterinsights_sitenote_active":false,"_monsterinsights_sitenote_note":"","_monsterinsights_sitenote_category":0,"footnotes":""},"class_list":["post-957","page","type-page","status-publish","hentry"],"yoast_head":"<!-- This site is optimized with the Yoast SEO plugin v26.4 - https:\/\/yoast.com\/wordpress\/plugins\/seo\/ -->\n<title>Watching Teens - Un site pour vivre la semaine Sainte et P\u00e2ques<\/title>\n<meta name=\"robots\" content=\"index, follow, max-snippet:-1, max-image-preview:large, max-video-preview:-1\" \/>\n<link rel=\"canonical\" href=\"https:\/\/microsites.diocesemontreal.org\/microsites\/semaine-sainte-et-paques\/en\/teens\/watching-teens\/\" \/>\n<meta property=\"og:locale\" content=\"fr_FR\" \/>\n<meta property=\"og:type\" content=\"article\" \/>\n<meta property=\"og:title\" content=\"Watching Teens - Un site pour vivre la semaine Sainte et P\u00e2ques\" \/>\n<meta property=\"og:description\" content=\"HOLY WEEK Watching with HopeMovies for Lent - Catholic Digest During Lent we try to present movies about the story of salvation on family movie night. I include those below along with other Lenten categories: conversion, prayer, fasting\/sacrifice, and almsgiving. Link:\u00a0HereThe Role of Hope in Holy WeekFr. Mike explains how hope is knowing that we [&hellip;]\" \/>\n<meta property=\"og:url\" content=\"https:\/\/microsites.diocesemontreal.org\/microsites\/semaine-sainte-et-paques\/en\/teens\/watching-teens\/\" \/>\n<meta property=\"og:site_name\" content=\"Un site pour vivre la semaine Sainte et P\u00e2ques\" \/>\n<meta property=\"article:modified_time\" content=\"2021-03-22T20:53:50+00:00\" \/>\n<meta name=\"twitter:card\" content=\"summary_large_image\" \/>\n<meta name=\"twitter:label1\" content=\"Dur\u00e9e de lecture estim\u00e9e\" \/>\n\t<meta name=\"twitter:data1\" content=\"10 minutes\" \/>\n<script type=\"application\/ld+json\" class=\"yoast-schema-graph\">{\"@context\":\"https:\/\/schema.org\",\"@graph\":[{\"@type\":\"WebPage\",\"@id\":\"https:\/\/microsites.diocesemontreal.org\/microsites\/semaine-sainte-et-paques\/en\/teens\/watching-teens\/\",\"url\":\"https:\/\/microsites.diocesemontreal.org\/microsites\/semaine-sainte-et-paques\/en\/teens\/watching-teens\/\",\"name\":\"Watching Teens - Un site pour vivre la semaine Sainte et P\u00e2ques\",\"isPartOf\":{\"@id\":\"https:\/\/microsites.diocesemontreal.org\/microsites\/semaine-sainte-et-paques\/#website\"},\"datePublished\":\"2020-11-20T19:43:19+00:00\",\"dateModified\":\"2021-03-22T20:53:50+00:00\",\"breadcrumb\":{\"@id\":\"https:\/\/microsites.diocesemontreal.org\/microsites\/semaine-sainte-et-paques\/en\/teens\/watching-teens\/#breadcrumb\"},\"inLanguage\":\"fr-FR\",\"potentialAction\":[{\"@type\":\"ReadAction\",\"target\":[\"https:\/\/microsites.diocesemontreal.org\/microsites\/semaine-sainte-et-paques\/en\/teens\/watching-teens\/\"]}]},{\"@type\":\"BreadcrumbList\",\"@id\":\"https:\/\/microsites.diocesemontreal.org\/microsites\/semaine-sainte-et-paques\/en\/teens\/watching-teens\/#breadcrumb\",\"itemListElement\":[{\"@type\":\"ListItem\",\"position\":1,\"name\":\"Accueil\",\"item\":\"https:\/\/microsites.diocesemontreal.org\/microsites\/semaine-sainte-et-paques\/\"},{\"@type\":\"ListItem\",\"position\":2,\"name\":\"Teens\",\"item\":\"https:\/\/microsites.diocesemontreal.org\/microsites\/semaine-sainte-et-paques\/en\/teens\/\"},{\"@type\":\"ListItem\",\"position\":3,\"name\":\"Watching Teens\"}]},{\"@type\":\"WebSite\",\"@id\":\"https:\/\/microsites.diocesemontreal.org\/microsites\/semaine-sainte-et-paques\/#website\",\"url\":\"https:\/\/microsites.diocesemontreal.org\/microsites\/semaine-sainte-et-paques\/\",\"name\":\"Un site pour vivre la semaine Sainte et P\u00e2ques\",\"description\":\"En pr\u00e9paration \u00e0 la f\u00eate de P\u00e2ques\",\"potentialAction\":[{\"@type\":\"SearchAction\",\"target\":{\"@type\":\"EntryPoint\",\"urlTemplate\":\"https:\/\/microsites.diocesemontreal.org\/microsites\/semaine-sainte-et-paques\/?s={search_term_string}\"},\"query-input\":{\"@type\":\"PropertyValueSpecification\",\"valueRequired\":true,\"valueName\":\"search_term_string\"}}],\"inLanguage\":\"fr-FR\"}]}<\/script>\n<!-- \/ Yoast SEO plugin. -->","yoast_head_json":{"title":"Watching Teens - Un site pour vivre la semaine Sainte et P\u00e2ques","robots":{"index":"index","follow":"follow","max-snippet":"max-snippet:-1","max-image-preview":"max-image-preview:large","max-video-preview":"max-video-preview:-1"},"canonical":"https:\/\/microsites.diocesemontreal.org\/microsites\/semaine-sainte-et-paques\/en\/teens\/watching-teens\/","og_locale":"fr_FR","og_type":"article","og_title":"Watching Teens - Un site pour vivre la semaine Sainte et P\u00e2ques","og_description":"HOLY WEEK Watching with HopeMovies for Lent - Catholic Digest During Lent we try to present movies about the story of salvation on family movie night. I include those below along with other Lenten categories: conversion, prayer, fasting\/sacrifice, and almsgiving. Link:\u00a0HereThe Role of Hope in Holy WeekFr. Mike explains how hope is knowing that we [&hellip;]","og_url":"https:\/\/microsites.diocesemontreal.org\/microsites\/semaine-sainte-et-paques\/en\/teens\/watching-teens\/","og_site_name":"Un site pour vivre la semaine Sainte et P\u00e2ques","article_modified_time":"2021-03-22T20:53:50+00:00","twitter_card":"summary_large_image","twitter_misc":{"Dur\u00e9e de lecture estim\u00e9e":"10 minutes"},"schema":{"@context":"https:\/\/schema.org","@graph":[{"@type":"WebPage","@id":"https:\/\/microsites.diocesemontreal.org\/microsites\/semaine-sainte-et-paques\/en\/teens\/watching-teens\/","url":"https:\/\/microsites.diocesemontreal.org\/microsites\/semaine-sainte-et-paques\/en\/teens\/watching-teens\/","name":"Watching Teens - Un site pour vivre la semaine Sainte et P\u00e2ques","isPartOf":{"@id":"https:\/\/microsites.diocesemontreal.org\/microsites\/semaine-sainte-et-paques\/#website"},"datePublished":"2020-11-20T19:43:19+00:00","dateModified":"2021-03-22T20:53:50+00:00","breadcrumb":{"@id":"https:\/\/microsites.diocesemontreal.org\/microsites\/semaine-sainte-et-paques\/en\/teens\/watching-teens\/#breadcrumb"},"inLanguage":"fr-FR","potentialAction":[{"@type":"ReadAction","target":["https:\/\/microsites.diocesemontreal.org\/microsites\/semaine-sainte-et-paques\/en\/teens\/watching-teens\/"]}]},{"@type":"BreadcrumbList","@id":"https:\/\/microsites.diocesemontreal.org\/microsites\/semaine-sainte-et-paques\/en\/teens\/watching-teens\/#breadcrumb","itemListElement":[{"@type":"ListItem","position":1,"name":"Accueil","item":"https:\/\/microsites.diocesemontreal.org\/microsites\/semaine-sainte-et-paques\/"},{"@type":"ListItem","position":2,"name":"Teens","item":"https:\/\/microsites.diocesemontreal.org\/microsites\/semaine-sainte-et-paques\/en\/teens\/"},{"@type":"ListItem","position":3,"name":"Watching Teens"}]},{"@type":"WebSite","@id":"https:\/\/microsites.diocesemontreal.org\/microsites\/semaine-sainte-et-paques\/#website","url":"https:\/\/microsites.diocesemontreal.org\/microsites\/semaine-sainte-et-paques\/","name":"Un site pour vivre la semaine Sainte et P\u00e2ques","description":"En pr\u00e9paration \u00e0 la f\u00eate de P\u00e2ques","potentialAction":[{"@type":"SearchAction","target":{"@type":"EntryPoint","urlTemplate":"https:\/\/microsites.diocesemontreal.org\/microsites\/semaine-sainte-et-paques\/?s={search_term_string}"},"query-input":{"@type":"PropertyValueSpecification","valueRequired":true,"valueName":"search_term_string"}}],"inLanguage":"fr-FR"}]}},"_links":{"self":[{"href":"https:\/\/microsites.diocesemontreal.org\/microsites\/semaine-sainte-et-paques\/wp-json\/wp\/v2\/pages\/957","targetHints":{"allow":["GET"]}}],"collection":[{"href":"https:\/\/microsites.diocesemontreal.org\/microsites\/semaine-sainte-et-paques\/wp-json\/wp\/v2\/pages"}],"about":[{"href":"https:\/\/microsites.diocesemontreal.org\/microsites\/semaine-sainte-et-paques\/wp-json\/wp\/v2\/types\/page"}],"author":[{"embeddable":true,"href":"https:\/\/microsites.diocesemontreal.org\/microsites\/semaine-sainte-et-paques\/wp-json\/wp\/v2\/users\/359"}],"replies":[{"embeddable":true,"href":"https:\/\/microsites.diocesemontreal.org\/microsites\/semaine-sainte-et-paques\/wp-json\/wp\/v2\/comments?post=957"}],"version-history":[{"count":35,"href":"https:\/\/microsites.diocesemontreal.org\/microsites\/semaine-sainte-et-paques\/wp-json\/wp\/v2\/pages\/957\/revisions"}],"predecessor-version":[{"id":4845,"href":"https:\/\/microsites.diocesemontreal.org\/microsites\/semaine-sainte-et-paques\/wp-json\/wp\/v2\/pages\/957\/revisions\/4845"}],"up":[{"embeddable":true,"href":"https:\/\/microsites.diocesemontreal.org\/microsites\/semaine-sainte-et-paques\/wp-json\/wp\/v2\/pages\/670"}],"wp:attachment":[{"href":"https:\/\/microsites.diocesemontreal.org\/microsites\/semaine-sainte-et-paques\/wp-json\/wp\/v2\/media?parent=957"}],"curies":[{"name":"wp","href":"https:\/\/api.w.org\/{rel}","templated":true}]}}