{"id":2,"date":"2020-05-06T16:15:44","date_gmt":"2020-05-06T20:15:44","guid":{"rendered":"https:\/\/microsites.diocesemontreal.org\/microsites\/servicesfabriques\/?page_id=2"},"modified":"2021-02-11T15:47:09","modified_gmt":"2021-02-11T20:47:09","slug":"formulaire","status":"publish","type":"page","link":"https:\/\/microsites.diocesemontreal.org\/microsites\/servicesfabriques\/fr\/formulaire\/","title":{"rendered":"Webinaire 27 -28 Mai 2020"},"content":{"rendered":"<p>[et_pb_section fb_built=&#8221;1&#8243; fullwidth=&#8221;on&#8221; admin_label=&#8221;Page Header&#8221; _builder_version=&#8221;4.4.5&#8243; background_image=&#8221;https:\/\/microsites.diocesemontreal.org\/microsites\/servicesfabriques\/wp-content\/uploads\/sites\/34\/2020\/05\/entete.jpg&#8221; parallax=&#8221;on&#8221;][et_pb_fullwidth_header title=&#8221;\u00ab Pour une meilleure gestion de nos fabriques en ce temps de pand\u00e9mie et apr\u00e8s \u00bb&#8221; text_orientation=&#8221;center&#8221; button_one_text=&#8221;Pour visionner&#8221; button_one_url=&#8221;https:\/\/zoom.us\/rec\/share\/1eJEf6DQ60pIaYn8snjHf_UgIY_CX6a82yJI8_EKz0htv3g58XpaH1ISAso-_TMR?startTime=1590602481000&#8243; button_two_text=&#8221;Pour la pr\u00e9sentation&#8221; button_two_url=&#8221;https:\/\/microsites.diocesemontreal.org\/microsites\/servicesfabriques\/wp-content\/uploads\/sites\/34\/2020\/06\/Webinaire_20200527_FR.pdf&#8221; admin_label=&#8221;Hero Section&#8221; _builder_version=&#8221;4.4.6&#8243; title_font=&#8221;Montserrat|on|||&#8221; title_font_size=&#8221;60px&#8221; title_line_height=&#8221;1.4em&#8221; content_font_size=&#8221;22px&#8221; content_line_height=&#8221;1.8em&#8221; subhead_font=&#8221;||||&#8221; background_color=&#8221;rgba(255, 255, 255, 0)&#8221; use_background_color_gradient=&#8221;on&#8221; background_color_gradient_start=&#8221;rgba(58,52,226,0.93)&#8221; background_color_gradient_end=&#8221;rgba(73,108,220,0.7)&#8221; custom_button_one=&#8221;on&#8221; button_one_text_size=&#8221;16px&#8221; button_one_bg_color=&#8221;#6eba01&#8243; button_one_border_width=&#8221;2px&#8221; button_one_border_color=&#8221;#6eba01&#8243; button_one_border_radius=&#8221;0&#8243; button_one_letter_spacing=&#8221;2&#8243; button_one_font=&#8221;Montserrat|||on|&#8221; button_one_use_icon=&#8221;off&#8221; custom_button_two=&#8221;on&#8221; button_two_text_size=&#8221;16px&#8221; button_two_text_color=&#8221;#000000&#8243; button_two_bg_color=&#8221;#e09900&#8243; button_two_border_width=&#8221;2px&#8221; button_two_border_color=&#8221;rgba(0,0,0,0)&#8221; button_two_border_radius=&#8221;0&#8243; button_two_letter_spacing=&#8221;2&#8243; button_two_font=&#8221;Montserrat|||on|&#8221; button_two_use_icon=&#8221;off&#8221; module_alignment=&#8221;left&#8221; custom_margin=&#8221;|||&#8221; custom_padding=&#8221;120px||119px|||&#8221; animation_style=&#8221;fade&#8221; button_one_text_color_hover=&#8221;#6eba01&#8243; button_two_text_color_hover=&#8221;#6eba01&#8243; button_one_border_color_hover=&#8221;#ffffff&#8221; button_two_border_color_hover=&#8221;#ffffff&#8221; button_one_border_radius_hover=&#8221;0&#8243; button_two_border_radius_hover=&#8221;0&#8243; button_one_letter_spacing_hover=&#8221;2&#8243; button_two_letter_spacing_hover=&#8221;2&#8243; button_one_bg_color_hover=&#8221;#ffffff&#8221; button_two_bg_color_hover=&#8221;#ffffff&#8221; button_one_text_size__hover_enabled=&#8221;off&#8221; button_two_text_size__hover_enabled=&#8221;off&#8221; button_one_text_color__hover_enabled=&#8221;on&#8221; button_one_text_color__hover=&#8221;#6eba01&#8243; button_two_text_color__hover_enabled=&#8221;on&#8221; button_two_text_color__hover=&#8221;#6eba01&#8243; button_one_border_width__hover_enabled=&#8221;off&#8221; button_two_border_width__hover_enabled=&#8221;off&#8221; button_one_border_color__hover_enabled=&#8221;on&#8221; button_one_border_color__hover=&#8221;#ffffff&#8221; button_two_border_color__hover_enabled=&#8221;on&#8221; button_two_border_color__hover=&#8221;#ffffff&#8221; button_one_border_radius__hover_enabled=&#8221;on&#8221; button_one_border_radius__hover=&#8221;0&#8243; button_two_border_radius__hover_enabled=&#8221;on&#8221; button_two_border_radius__hover=&#8221;0&#8243; button_one_letter_spacing__hover_enabled=&#8221;on&#8221; button_one_letter_spacing__hover=&#8221;2&#8243; button_two_letter_spacing__hover_enabled=&#8221;on&#8221; button_two_letter_spacing__hover=&#8221;2&#8243; button_one_bg_color__hover_enabled=&#8221;on&#8221; button_one_bg_color__hover=&#8221;#ffffff&#8221; button_two_bg_color__hover_enabled=&#8221;on&#8221; button_two_bg_color__hover=&#8221;#ffffff&#8221;]<\/p>\n<p>Webinaire<br \/>27, 28 mai 2020<\/p>\n<p>&nbsp;<\/p>\n<p>[\/et_pb_fullwidth_header][\/et_pb_section][et_pb_section fb_built=&#8221;1&#8243; admin_label=&#8221;Services&#8221; _builder_version=&#8221;3.22&#8243; custom_padding=&#8221;90px|0px|90px|0px&#8221;][et_pb_row column_structure=&#8221;1_3,1_3,1_3&#8243; _builder_version=&#8221;3.25&#8243; background_size=&#8221;initial&#8221; background_position=&#8221;top_left&#8221; background_repeat=&#8221;repeat&#8221; custom_padding=&#8221;|||&#8221;][et_pb_column type=&#8221;1_3&#8243; _builder_version=&#8221;3.25&#8243; background_position=&#8221;top_left&#8221; custom_padding=&#8221;|||&#8221; custom_padding__hover=&#8221;|||&#8221;][et_pb_blurb title=&#8221;POUR QUI&#8221; url=&#8221;#&#8221; use_icon=&#8221;on&#8221; font_icon=&#8221;%%305%%&#8221; icon_color=&#8221;#4e5ed0&#8243; use_icon_font_size=&#8221;on&#8221; icon_font_size=&#8221;60px&#8221; admin_label=&#8221;Service 01&#8243; _builder_version=&#8221;4.4.5&#8243; header_font=&#8221;Montserrat||||&#8221; header_text_color=&#8221;#1f1f1f&#8221; header_font_size=&#8221;22px&#8221; header_line_height=&#8221;1.8em&#8221; body_font_size=&#8221;16px&#8221; body_line_height=&#8221;1.9em&#8221; background_size=&#8221;initial&#8221; background_position=&#8221;top_left&#8221; background_repeat=&#8221;repeat&#8221; text_orientation=&#8221;center&#8221; animation_style=&#8221;fold&#8221; animation_direction=&#8221;bottom&#8221; animation_intensity_fold=&#8221;30%&#8221;]<\/p>\n<p>Vicaires, pr\u00eatres, administrateurs paroissiaux, marguilliers, secr\u00e9taires, comptables et tout autre personnel administratif<\/p>\n<p>[\/et_pb_blurb][\/et_pb_column][et_pb_column type=&#8221;1_3&#8243; _builder_version=&#8221;3.25&#8243; background_position=&#8221;top_left&#8221; custom_padding=&#8221;|||&#8221; custom_padding__hover=&#8221;|||&#8221;][et_pb_blurb title=&#8221;QUAND&#8221; url=&#8221;#&#8221; use_icon=&#8221;on&#8221; font_icon=&#8221;%%373%%&#8221; icon_color=&#8221;#4e5ed0&#8243; use_icon_font_size=&#8221;on&#8221; icon_font_size=&#8221;60px&#8221; admin_label=&#8221;Service 02&#8243; _builder_version=&#8221;4.4.6&#8243; header_font=&#8221;Montserrat||||&#8221; header_text_color=&#8221;#1f1f1f&#8221; header_font_size=&#8221;22px&#8221; header_line_height=&#8221;1.8em&#8221; body_font_size=&#8221;16px&#8221; body_line_height=&#8221;1.9em&#8221; background_size=&#8221;initial&#8221; background_position=&#8221;top_left&#8221; background_repeat=&#8221;repeat&#8221; text_orientation=&#8221;center&#8221; animation_style=&#8221;fold&#8221; animation_direction=&#8221;bottom&#8221; animation_delay=&#8221;100ms&#8221; animation_intensity_fold=&#8221;30%&#8221;]<\/p>\n<p>Le mercredi, 27 mai 2020 en fran\u00e7ais\u00a0<br \/>ou<br \/>Le jeudi, 28 mai 2020 en anglais<br \/>\u00e0 14h VIA ZOOM<\/p>\n<p>[\/et_pb_blurb][\/et_pb_column][et_pb_column type=&#8221;1_3&#8243; _builder_version=&#8221;3.25&#8243; background_position=&#8221;top_left&#8221; custom_padding=&#8221;|||&#8221; custom_padding__hover=&#8221;|||&#8221;][et_pb_blurb title=&#8221;FRAIS D&#8217;INSCRIPTION&#8221; url=&#8221;#&#8221; use_icon=&#8221;on&#8221; font_icon=&#8221;%%155%%&#8221; icon_color=&#8221;#4e5ed0&#8243; use_icon_font_size=&#8221;on&#8221; icon_font_size=&#8221;60px&#8221; admin_label=&#8221;Service 02&#8243; _builder_version=&#8221;4.4.5&#8243; header_font=&#8221;Montserrat||||&#8221; header_text_color=&#8221;#1f1f1f&#8221; header_font_size=&#8221;22px&#8221; header_line_height=&#8221;1.8em&#8221; body_font_size=&#8221;16px&#8221; body_line_height=&#8221;1.9em&#8221; background_size=&#8221;initial&#8221; background_position=&#8221;top_left&#8221; background_repeat=&#8221;repeat&#8221; text_orientation=&#8221;center&#8221; animation_style=&#8221;fold&#8221; animation_direction=&#8221;bottom&#8221; animation_delay=&#8221;100ms&#8221; animation_intensity_fold=&#8221;30%&#8221;]<\/p>\n<p>GRATUIT<\/p>\n<p>[\/et_pb_blurb][\/et_pb_column][\/et_pb_row][\/et_pb_section][et_pb_section fb_built=&#8221;1&#8243; admin_label=&#8221;Split Section&#8221; _builder_version=&#8221;3.22&#8243; custom_padding=&#8221;0px||0px|&#8221; animation_style=&#8221;fold&#8221; animation_direction=&#8221;bottom&#8221; animation_intensity_fold=&#8221;4%&#8221;][et_pb_row column_structure=&#8221;1_2,1_2&#8243; use_custom_gutter=&#8221;on&#8221; gutter_width=&#8221;1&#8243; make_equal=&#8221;on&#8221; module_class=&#8221; et_pb_row_fullwidth&#8221; _builder_version=&#8221;4.4.5&#8243; background_size=&#8221;initial&#8221; background_position=&#8221;top_left&#8221; background_repeat=&#8221;repeat&#8221; width=&#8221;100%&#8221; width_tablet=&#8221;100%&#8221; width_phone=&#8221;&#8221; width_last_edited=&#8221;on|desktop&#8221; max_width=&#8221;100%&#8221; max_width_tablet=&#8221;100%&#8221; max_width_phone=&#8221;&#8221; max_width_last_edited=&#8221;on|desktop&#8221; custom_margin=&#8221;0px||0px|&#8221; custom_padding=&#8221;0px||0px|||&#8221; make_fullwidth=&#8221;on&#8221;][et_pb_column type=&#8221;1_2&#8243; _builder_version=&#8221;4.4.5&#8243; use_background_color_gradient=&#8221;on&#8221; background_image=&#8221;https:\/\/microsites.diocesemontreal.org\/microsites\/servicesfabriques\/wp-content\/uploads\/sites\/34\/2020\/05\/image-description.jpg&#8221; background_position=&#8221;top_left&#8221; custom_padding=&#8221;|||&#8221; custom_padding__hover=&#8221;|||&#8221;][\/et_pb_column][et_pb_column type=&#8221;1_2&#8243; _builder_version=&#8221;4.4.5&#8243; background_color=&#8221;#f4f4f4&#8243; background_position=&#8221;top_left&#8221; custom_padding=&#8221;6%|6%|7%|6%|false|false&#8221; custom_padding__hover=&#8221;|||&#8221;][et_pb_divider color=&#8221;#4e5ed0&#8243; divider_weight=&#8221;3px&#8221; disabled_on=&#8221;off|off|off&#8221; _builder_version=&#8221;3.2&#8243; background_color_gradient_direction=&#8221;90deg&#8221; max_width=&#8221;100px&#8221; module_alignment=&#8221;left&#8221; height=&#8221;5px&#8221; custom_margin=&#8221;||20px|&#8221; custom_padding=&#8221;||20px|&#8221; animation_style=&#8221;slide&#8221; animation_direction=&#8221;bottom&#8221; saved_tabs=&#8221;all&#8221; locked=&#8221;off&#8221;][\/et_pb_divider][et_pb_cta title=&#8221;Un impact sur les finances&#8221; button_url=&#8221;#&#8221; admin_label=&#8221;Feature 01&#8243; _builder_version=&#8221;4.4.5&#8243; header_font=&#8221;Montserrat||||&#8221; header_text_color=&#8221;#1f1f1f&#8221; header_font_size=&#8221;36&#8243; header_line_height=&#8221;1.4em&#8221; body_font_size=&#8221;16&#8243; body_line_height=&#8221;1.9em&#8221; use_background_color=&#8221;off&#8221; custom_button=&#8221;on&#8221; button_text_size=&#8221;18&#8243; button_text_color=&#8221;#ffffff&#8221; button_bg_color=&#8221;#6eba01&#8243; button_border_color=&#8221;#6eba01&#8243; button_border_radius=&#8221;0&#8243; button_letter_spacing=&#8221;2&#8243; button_font=&#8221;Montserrat|||on|&#8221; button_use_icon=&#8221;off&#8221; text_orientation=&#8221;left&#8221; background_layout=&#8221;light&#8221; max_width=&#8221;450px&#8221; module_alignment=&#8221;left&#8221; custom_margin=&#8221;|||&#8221; custom_padding=&#8221;|||&#8221; animation_style=&#8221;fold&#8221; animation_direction=&#8221;bottom&#8221; animation_intensity_fold=&#8221;15%&#8221; button_text_color_hover=&#8221;#6eba01&#8243; button_border_color_hover=&#8221;#6eba01&#8243; button_border_radius_hover=&#8221;0&#8243; button_letter_spacing_hover=&#8221;2&#8243; button_bg_color_hover=&#8221;rgba(0,0,0,0)&#8221; saved_tabs=&#8221;all&#8221; locked=&#8221;off&#8221; button_text_size__hover_enabled=&#8221;off&#8221; button_one_text_size__hover_enabled=&#8221;off&#8221; button_two_text_size__hover_enabled=&#8221;off&#8221; button_text_color__hover_enabled=&#8221;on&#8221; button_text_color__hover=&#8221;#6eba01&#8243; button_one_text_color__hover_enabled=&#8221;off&#8221; button_two_text_color__hover_enabled=&#8221;off&#8221; button_border_width__hover_enabled=&#8221;off&#8221; button_one_border_width__hover_enabled=&#8221;off&#8221; button_two_border_width__hover_enabled=&#8221;off&#8221; button_border_color__hover_enabled=&#8221;on&#8221; button_border_color__hover=&#8221;#6eba01&#8243; button_one_border_color__hover_enabled=&#8221;off&#8221; button_two_border_color__hover_enabled=&#8221;off&#8221; button_border_radius__hover_enabled=&#8221;on&#8221; button_border_radius__hover=&#8221;0&#8243; button_one_border_radius__hover_enabled=&#8221;off&#8221; button_two_border_radius__hover_enabled=&#8221;off&#8221; button_letter_spacing__hover_enabled=&#8221;on&#8221; button_letter_spacing__hover=&#8221;2&#8243; button_one_letter_spacing__hover_enabled=&#8221;off&#8221; button_two_letter_spacing__hover_enabled=&#8221;off&#8221; button_bg_color__hover_enabled=&#8221;on&#8221; button_bg_color__hover=&#8221;rgba(0,0,0,0)&#8221; button_one_bg_color__hover_enabled=&#8221;off&#8221; button_two_bg_color__hover_enabled=&#8221;off&#8221;]<\/p>\n<p>Ce webinaire propose des outils pour une meilleure gestion des fabriques en ce temps de crise\u2026 et aussi apr\u00e8s la crise!<\/p>\n<p>Nous allons \u00e9couter les t\u00e9moignages de quelques paroisses qui ont r\u00e9ussi \u00e0 poursuivre la mission malgr\u00e9 les d\u00e9fis caus\u00e9s par la pand\u00e9mie. Ils partageront comment leurs activit\u00e9s ont \u00e9t\u00e9 transform\u00e9es par l&#8217;impact de la pand\u00e9mie et comment ils ont \u00e9t\u00e9 capables de faire face aux d\u00e9fis financiers et pastoraux.<\/p>\n<p>Il y aura une pr\u00e9sentation sur les meilleures pratiques et principales strat\u00e9gies de communication avec les paroissiens. Ensemble nous allons explorer comment faire la transition de la qu\u00eate du dimanche aux dons en ligne gr\u00e2ce \u00e0 des plateformes disponibles.<\/p>\n<p>Enfin, nous allons faire un bref survol des programmes de subventions gouvernementales qui sont disponibles pour les fabriques.<\/p>\n<p>\u00a0Nous sommes heureux d&#8217;annoncer que notre archev\u00eaque, Mgr Christian L\u00e9pine, participera \u00e0 ce webinaire. Il parlera du travail que le personnel dioc\u00e9sain a accompli depuis le d\u00e9but de cette crise pour que notre \u00c9glise soit toujours pr\u00e9sente et poursuive sa Mission.<\/p>\n<p>Nous esp\u00e9rons vous voir en grand nombre participer \u00e0 ce webinaire.<\/p>\n<p>[\/et_pb_cta][\/et_pb_column][\/et_pb_row][\/et_pb_section][et_pb_section fb_built=&#8221;1&#8243; admin_label=&#8221;Inscription&#8221; module_id=&#8221;formulaire&#8221; _builder_version=&#8221;4.4.5&#8243; use_background_color_gradient=&#8221;on&#8221; background_color_gradient_start=&#8221;rgba(76,72,227,0.96)&#8221; background_color_gradient_end=&#8221;rgba(73,108,220,0.93)&#8221; custom_padding=&#8221;0px||0px|||&#8221; animation_style=&#8221;fold&#8221; animation_direction=&#8221;bottom&#8221; animation_intensity_fold=&#8221;4%&#8221;][et_pb_row _builder_version=&#8221;3.25&#8243; background_size=&#8221;initial&#8221; background_position=&#8221;top_left&#8221; background_repeat=&#8221;repeat&#8221; custom_width_px=&#8221;710px&#8221;][et_pb_column type=&#8221;4_4&#8243; _builder_version=&#8221;3.25&#8243; background_position=&#8221;top_left&#8221; custom_padding=&#8221;|||&#8221; custom_padding__hover=&#8221;|||&#8221;][et_pb_divider color=&#8221;#ffffff&#8221; divider_weight=&#8221;3px&#8221; disabled_on=&#8221;off|off|off&#8221; _builder_version=&#8221;3.2&#8243; background_color_gradient_direction=&#8221;90deg&#8221; max_width=&#8221;100px&#8221; module_alignment=&#8221;center&#8221; height=&#8221;5px&#8221; custom_margin=&#8221;||20px|&#8221; custom_padding=&#8221;||20px|&#8221; animation_style=&#8221;slide&#8221; animation_direction=&#8221;bottom&#8221; saved_tabs=&#8221;all&#8221; locked=&#8221;off&#8221;][\/et_pb_divider][et_pb_text admin_label=&#8221;Request Section Title&#8221; _builder_version=&#8221;4.4.6&#8243; header_font=&#8221;Montserrat||||&#8221; header_font_size=&#8221;36px&#8221; text_orientation=&#8221;center&#8221; background_layout=&#8221;dark&#8221; max_width=&#8221;710px&#8221; module_alignment=&#8221;center&#8221; custom_padding=&#8221;0px|||||&#8221; animation_style=&#8221;fold&#8221; animation_direction=&#8221;bottom&#8221; animation_intensity_fold=&#8221;20%&#8221;]<\/p>\n<h2>Pour toute question, veuillez envoyer votre demande \u00e0 :<\/h2>\n<p>[\/et_pb_text][et_pb_text admin_label=&#8221;Request Section Subtitle&#8221; _builder_version=&#8221;4.4.6&#8243; text_font_size=&#8221;16px&#8221; text_line_height=&#8221;1.9em&#8221; background_size=&#8221;initial&#8221; background_position=&#8221;top_left&#8221; background_repeat=&#8221;repeat&#8221; text_orientation=&#8221;center&#8221; background_layout=&#8221;dark&#8221; max_width=&#8221;710px&#8221; module_alignment=&#8221;center&#8221; animation_style=&#8221;fold&#8221; animation_direction=&#8221;bottom&#8221; animation_intensity_fold=&#8221;20%&#8221;]<\/p>\n<h3>servicesfabriques@diocesemontreal.org<\/h3>\n<p>[\/et_pb_text][\/et_pb_column][\/et_pb_row][\/et_pb_section][et_pb_section fb_built=&#8221;1&#8243; admin_label=&#8221;Section formulaire&#8221; _builder_version=&#8221;4.4.5&#8243; background_image=&#8221;https:\/\/microsites.diocesemontreal.org\/microsites\/servicesfabriques\/wp-content\/uploads\/sites\/34\/2020\/05\/business-01.jpg&#8221; parallax=&#8221;on&#8221; custom_padding=&#8221;90px||90px|&#8221; saved_tabs=&#8221;all&#8221;][et_pb_row column_structure=&#8221;1_3,1_3,1_3&#8243; _builder_version=&#8221;4.4.6&#8243;][et_pb_column type=&#8221;1_3&#8243; _builder_version=&#8221;4.4.6&#8243;][\/et_pb_column][et_pb_column type=&#8221;1_3&#8243; _builder_version=&#8221;4.4.6&#8243;][et_pb_image src=&#8221;https:\/\/microsites.diocesemontreal.org\/microsites\/servicesfabriques\/wp-content\/uploads\/sites\/34\/2020\/05\/D\u00e9partement-des-services-administratifs-aux-fabriques_FR_PMS.png&#8221; title_text=&#8221;D\u00e9partement des services administratifs aux fabriques_FR_PMS&#8221; _builder_version=&#8221;4.4.6&#8243;][\/et_pb_image][\/et_pb_column][et_pb_column type=&#8221;1_3&#8243; _builder_version=&#8221;4.4.6&#8243;][\/et_pb_column][\/et_pb_row][\/et_pb_section]<\/p>\n","protected":false},"excerpt":{"rendered":"<p>Webinaire27, 28 mai 2020 &nbsp;Vicaires, pr\u00eatres, administrateurs paroissiaux, marguilliers, secr\u00e9taires, comptables et tout autre personnel administratifLe mercredi, 27 mai 2020 en fran\u00e7ais\u00a0ouLe jeudi, 28 mai 2020 en anglais\u00e0 14h VIA ZOOMGRATUITCe webinaire propose des outils pour une meilleure gestion des fabriques en ce temps de crise\u2026 et aussi apr\u00e8s la crise! Nous allons \u00e9couter les [&hellip;]<\/p>\n","protected":false},"author":6,"featured_media":0,"parent":0,"menu_order":0,"comment_status":"closed","ping_status":"closed","template":"","meta":{"_et_pb_use_builder":"on","_et_pb_old_content":"<!-- wp:paragraph -->\r\n<p>Ceci est une page d\u2019exemple. C\u2019est diff\u00e9rent d\u2019un article de blog parce qu\u2019elle restera au m\u00eame endroit et appara\u00eetra dans la navigation de votre site (dans la plupart des th\u00e8mes). La plupart des gens commencent par une page \u00ab\u00a0\u00c0 propos\u00a0\u00bb qui les pr\u00e9sente aux visiteurs du site. Cela pourrait ressembler \u00e0 quelque chose comme cela\u00a0:<\/p>\r\n<!-- \/wp:paragraph --><!-- wp:quote -->\r\n<blockquote class=\"wp-block-quote\">\r\n<p>Bonjour\u00a0! Je suis un m\u00e9canicien qui aspire \u00e0 devenir acteur, et voici mon site. J\u2019habite \u00e0 Bordeaux, j\u2019ai un super chien baptis\u00e9 Russell, et j\u2019aime la vodka-ananas (ainsi qu\u2019\u00eatre surpris par la pluie soudaine lors de longues balades sur la plage au coucher du soleil).<\/p>\r\n<\/blockquote>\r\n<!-- \/wp:quote --><!-- wp:paragraph -->\r\n<p>...ou quelque chose comme cela\u00a0:<\/p>\r\n<!-- \/wp:paragraph --><!-- wp:quote -->\r\n<blockquote class=\"wp-block-quote\">\r\n<p>La soci\u00e9t\u00e9 123 Machin Truc a \u00e9t\u00e9 cr\u00e9\u00e9e en 1971, et n\u2019a cess\u00e9 de proposer au public des machins-trucs de qualit\u00e9 depuis lors. Situ\u00e9e \u00e0 Saint-Remy-en-Bouzemont-Saint-Genest-et-Isson, 123 Machin Truc emploie 2 000 personnes, et fabrique toutes sortes de bidules super pour la communaut\u00e9 bouzemontoise.<\/p>\r\n<\/blockquote>\r\n<!-- \/wp:quote --><!-- wp:paragraph -->\r\n<p>En tant que nouvel utilisateur ou utilisatrice de WordPress, vous devriez vous rendre sur <a href=\"https:\/\/microsites.diocesemontreal.org\/microsites\/servicesfabriques\/wp-admin\/\">votre tableau de bord<\/a> pour supprimer cette page et cr\u00e9er de nouvelles pages pour votre contenu. Amusez-vous bien\u00a0!<\/p>\r\n<!-- \/wp:paragraph -->","_et_gb_content_width":"","_monsterinsights_skip_tracking":false,"_monsterinsights_sitenote_active":false,"_monsterinsights_sitenote_note":"","_monsterinsights_sitenote_category":0,"footnotes":""},"class_list":["post-2","page","type-page","status-publish","hentry"],"_links":{"self":[{"href":"https:\/\/microsites.diocesemontreal.org\/microsites\/servicesfabriques\/wp-json\/wp\/v2\/pages\/2","targetHints":{"allow":["GET"]}}],"collection":[{"href":"https:\/\/microsites.diocesemontreal.org\/microsites\/servicesfabriques\/wp-json\/wp\/v2\/pages"}],"about":[{"href":"https:\/\/microsites.diocesemontreal.org\/microsites\/servicesfabriques\/wp-json\/wp\/v2\/types\/page"}],"author":[{"embeddable":true,"href":"https:\/\/microsites.diocesemontreal.org\/microsites\/servicesfabriques\/wp-json\/wp\/v2\/users\/6"}],"replies":[{"embeddable":true,"href":"https:\/\/microsites.diocesemontreal.org\/microsites\/servicesfabriques\/wp-json\/wp\/v2\/comments?post=2"}],"version-history":[{"count":50,"href":"https:\/\/microsites.diocesemontreal.org\/microsites\/servicesfabriques\/wp-json\/wp\/v2\/pages\/2\/revisions"}],"predecessor-version":[{"id":632,"href":"https:\/\/microsites.diocesemontreal.org\/microsites\/servicesfabriques\/wp-json\/wp\/v2\/pages\/2\/revisions\/632"}],"wp:attachment":[{"href":"https:\/\/microsites.diocesemontreal.org\/microsites\/servicesfabriques\/wp-json\/wp\/v2\/media?parent=2"}],"curies":[{"name":"wp","href":"https:\/\/api.w.org\/{rel}","templated":true}]}}