{"id":1556,"date":"2022-03-21T04:20:12","date_gmt":"2022-03-21T03:20:12","guid":{"rendered":"https:\/\/microsites.diocesemontreal.org\/microsites\/synode\/?page_id=1556"},"modified":"2022-05-19T21:20:08","modified_gmt":"2022-05-19T19:20:08","slug":"videos","status":"publish","type":"page","link":"https:\/\/microsites.diocesemontreal.org\/microsites\/synode\/home\/videos\/","title":{"rendered":"Videos"},"content":{"rendered":"<p>[et_pb_section fb_built=\u00a0\u00bb1&Prime; disabled_on=\u00a0\u00bboff|off|off\u00a0\u00bb _builder_version=\u00a0\u00bb4.11.4&Prime; _module_preset=\u00a0\u00bbdefault\u00a0\u00bb background_color=\u00a0\u00bb#ffffff\u00a0\u00bb background_image=\u00a0\u00bbhttps:\/\/microsites.diocesemontreal.org\/microsites\/synode\/wp-content\/uploads\/sites\/50\/2021\/10\/fond-video.png\u00a0\u00bb background_blend=\u00a0\u00bbhard-light\u00a0\u00bb top_divider_color=\u00a0\u00bb#DE8F32&Prime; top_divider_height=\u00a0\u00bb98px\u00a0\u00bb top_divider_repeat=\u00a0\u00bb1x\u00a0\u00bb bottom_divider_style=\u00a0\u00bbarrow3&Prime; bottom_divider_color=\u00a0\u00bb#DDB280&Prime; bottom_divider_height=\u00a0\u00bb49px\u00a0\u00bb saved_tabs=\u00a0\u00bball\u00a0\u00bb locked=\u00a0\u00bboff\u00a0\u00bb global_colors_info=\u00a0\u00bb{}\u00a0\u00bb][et_pb_row _builder_version=\u00a0\u00bb4.11.4&Prime; _module_preset=\u00a0\u00bbdefault\u00a0\u00bb global_colors_info=\u00a0\u00bb{}\u00a0\u00bb][et_pb_column type=\u00a0\u00bb4_4&Prime; _builder_version=\u00a0\u00bb4.11.4&Prime; _module_preset=\u00a0\u00bbdefault\u00a0\u00bb global_colors_info=\u00a0\u00bb{}\u00a0\u00bb][et_pb_text _builder_version=\u00a0\u00bb4.11.4&Prime; _module_preset=\u00a0\u00bbdefault\u00a0\u00bb text_font=\u00a0\u00bbSchoolbell||||||||\u00a0\u00bb text_text_color=\u00a0\u00bb#BCCB41&Prime; text_font_size=\u00a0\u00bb45px\u00a0\u00bb header_font=\u00a0\u00bbCardo||||||||\u00a0\u00bb header_text_color=\u00a0\u00bb#A42946&Prime; header_font_size=\u00a0\u00bb56px\u00a0\u00bb custom_margin=\u00a0\u00bb-20px|||||\u00a0\u00bb custom_padding=\u00a0\u00bb0px|||||\u00a0\u00bb locked=\u00a0\u00bboff\u00a0\u00bb global_colors_info=\u00a0\u00bb{}\u00a0\u00bb]<\/p>\n<h1>Trainings and adapted approaches<\/h1>\n<p>[\/et_pb_text][\/et_pb_column][\/et_pb_row][et_pb_row _builder_version=\u00a0\u00bb4.11.4&Prime; _module_preset=\u00a0\u00bbdefault\u00a0\u00bb use_background_color_gradient=\u00a0\u00bbon\u00a0\u00bb locked=\u00a0\u00bboff\u00a0\u00bb global_colors_info=\u00a0\u00bb{}\u00a0\u00bb][et_pb_column type=\u00a0\u00bb4_4&Prime; _builder_version=\u00a0\u00bb4.11.4&Prime; _module_preset=\u00a0\u00bbdefault\u00a0\u00bb background_enable_color=\u00a0\u00bboff\u00a0\u00bb global_colors_info=\u00a0\u00bb{}\u00a0\u00bb][et_pb_text _builder_version=\u00a0\u00bb4.11.4&Prime; _module_preset=\u00a0\u00bbdefault\u00a0\u00bb header_font=\u00a0\u00bbSchoolbell||||||||\u00a0\u00bb header_text_align=\u00a0\u00bbcenter\u00a0\u00bb header_text_color=\u00a0\u00bb#ffffff\u00a0\u00bb header_font_size=\u00a0\u00bb37px\u00a0\u00bb header_letter_spacing=\u00a0\u00bb1px\u00a0\u00bb global_colors_info=\u00a0\u00bb{}\u00a0\u00bb]<\/p>\n<h1>Spiritual Conversation Method<\/h1>\n<p>[\/et_pb_text][\/et_pb_column][\/et_pb_row][et_pb_row column_structure=\u00a0\u00bb1_2,1_2&Prime; _builder_version=\u00a0\u00bb4.11.4&Prime; _module_preset=\u00a0\u00bbdefault\u00a0\u00bb width=\u00a0\u00bb100%\u00a0\u00bb custom_padding=\u00a0\u00bb2%||||false|false\u00a0\u00bb mix_blend_mode=\u00a0\u00bbmultiply\u00a0\u00bb box_shadow_style=\u00a0\u00bbpreset6&Prime; box_shadow_blur=\u00a0\u00bb6px\u00a0\u00bb box_shadow_spread=\u00a0\u00bb6px\u00a0\u00bb box_shadow_color=\u00a0\u00bbrgba(255,255,255,0)\u00a0\u00bb locked=\u00a0\u00bboff\u00a0\u00bb global_colors_info=\u00a0\u00bb{}\u00a0\u00bb][et_pb_column type=\u00a0\u00bb1_2&Prime; _builder_version=\u00a0\u00bb4.11.4&Prime; _module_preset=\u00a0\u00bbdefault\u00a0\u00bb global_colors_info=\u00a0\u00bb{}\u00a0\u00bb][et_pb_video src=\u00a0\u00bbhttp:\/\/youtu.be\/ZIwYPMiLRsc\u00a0\u00bb _builder_version=\u00a0\u00bb4.11.4&Prime; _module_preset=\u00a0\u00bbdefault\u00a0\u00bb width=\u00a0\u00bb80%\u00a0\u00bb module_alignment=\u00a0\u00bbcenter\u00a0\u00bb custom_margin=\u00a0\u00bb||||false|true\u00a0\u00bb custom_padding=\u00a0\u00bb||||false|true\u00a0\u00bb animation_style=\u00a0\u00bbfold\u00a0\u00bb box_shadow_style=\u00a0\u00bbpreset1&Prime; box_shadow_horizontal=\u00a0\u00bb10px\u00a0\u00bb box_shadow_vertical=\u00a0\u00bb10px\u00a0\u00bb global_colors_info=\u00a0\u00bb{}\u00a0\u00bb][\/et_pb_video][et_pb_toggle title=\u00a0\u00bbLet\u2019s learn about our synodal journey \u2013 Session 1&Prime; open_toggle_text_color=\u00a0\u00bb#A42946&Prime; use_icon_font_size=\u00a0\u00bbon\u00a0\u00bb _builder_version=\u00a0\u00bb4.11.4&Prime; _module_preset=\u00a0\u00bbdefault\u00a0\u00bb title_text_color=\u00a0\u00bb#00B5B5&Prime; title_level=\u00a0\u00bbh4&Prime; title_font=\u00a0\u00bbSchoolbell|700|||||||\u00a0\u00bb title_font_size=\u00a0\u00bb33px\u00a0\u00bb body_font=\u00a0\u00bbCardo|700|||||||\u00a0\u00bb body_text_color=\u00a0\u00bb#000000&Prime; body_font_size=\u00a0\u00bb18px\u00a0\u00bb background_color=\u00a0\u00bbRGBA(0,0,0,0)\u00a0\u00bb min_height=\u00a0\u00bb172px\u00a0\u00bb border_width_all=\u00a0\u00bb0px\u00a0\u00bb global_colors_info=\u00a0\u00bb{}\u00a0\u00bb]<\/p>\n<p><span dir=\"auto\" class=\"style-scope yt-formatted-string\">Prepare for your role as facilitator for your community\u2019s synodal meeting by learning the Spiritual conversation method. This method will support each person taking part in the synodal meeting in listening to the Holy Spirit, in speaking to the group, and in approaching a communal formulation in response to synodal questions. In the second video, we learn how to apply the method to the approach presented in the Diocesan Handbook. <\/span><\/p>\n<p><span dir=\"auto\" class=\"style-scope yt-formatted-string\">A few helpful links: <\/span><\/p>\n<p><span dir=\"auto\" class=\"style-scope yt-formatted-string\">&#8211; PPT of the talk given by Sr. Laurence Loubi\u00e8res XMCJ: <\/span><a class=\"yt-simple-endpoint style-scope yt-formatted-string\" spellcheck=\"false\" href=\"https:\/\/www.youtube.com\/redirect?event=video_description&amp;redir_token=QUFFLUhqbHVTNzk3bVZTY2hPVmhqVHNUaFJLYTluMU9TUXxBQ3Jtc0trcC1WMG93OTh4bEJRNUExU0kwdjFaSHREQ3FvYXk2NW9xdTdkRHZzRnBGNUJ0ZW53X2ZvYXd1bjdDSW11a0tiNUVlODhoY1I1eGNQTzIzQTI2eVZ0dld4ZGpmUHZPaklUZG43OXVueWE0SV82c1MtQQ&amp;q=https%3A%2F%2Fbit.ly%2F35zgGda\" rel=\"nofollow noopener\" target=\"_blank\" dir=\"auto\">https:\/\/bit.ly\/35zgGda<\/a><span dir=\"auto\" class=\"style-scope yt-formatted-string\"> <\/span><\/p>\n<p><span dir=\"auto\" class=\"style-scope yt-formatted-string\">&#8211; Synod microsite: <\/span><a class=\"yt-simple-endpoint style-scope yt-formatted-string\" spellcheck=\"false\" href=\"https:\/\/www.youtube.com\/redirect?event=video_description&amp;redir_token=QUFFLUhqa1FmYktHMTExcE9aLVZwS3JsZW9aZWp1QWxEQXxBQ3Jtc0tta1IxTWxBQnNXMUZ1Y2pkUFVWRkVIZGNQU2pQSlhrV0xlMno3aUh6Y0o5djRaT1hYWVcxU3BQR3VUUTU3M2RWQzVpeTVWTk4tV1NfRVJUWVJIc3dqQXZwaUZhbTZON2cyaHRxZjVCcnZaZmZJNjhXMA&amp;q=https%3A%2F%2Fmicrosites.diocesemontreal.org%2Fmicrosites%2Fsynode%2Fhome%2F\" rel=\"nofollow noopener\" target=\"_blank\" dir=\"auto\">https:\/\/microsites.diocesemontreal.or&#8230;<\/a><span dir=\"auto\" class=\"style-scope yt-formatted-string\"> <\/span><\/p>\n<p><span dir=\"auto\" class=\"style-scope yt-formatted-string\">&#8211; Video of Session 2 : <\/span><a class=\"yt-simple-endpoint style-scope yt-formatted-string\" spellcheck=\"false\" href=\"https:\/\/www.youtube.com\/watch?v=JCNB5zij0Os&amp;t=0s\" dir=\"auto\">https:\/\/youtu.be\/JCNB5zij0Os<\/a><span dir=\"auto\" class=\"style-scope yt-formatted-string\"> <\/span><\/p>\n<p><span dir=\"auto\" class=\"style-scope yt-formatted-string\">If you have any questions, please send them by email to: <a href=\"mailto:synode@diocesemontreal.org\">synode@diocesemontreal.org <\/a><\/span><\/p>\n<p><span dir=\"auto\" class=\"style-scope yt-formatted-string\">Video of training session held on: 2022-02-03<\/span><\/p>\n<p>[\/et_pb_toggle][\/et_pb_column][et_pb_column type=\u00a0\u00bb1_2&Prime; _builder_version=\u00a0\u00bb4.11.4&Prime; _module_preset=\u00a0\u00bbdefault\u00a0\u00bb global_colors_info=\u00a0\u00bb{}\u00a0\u00bb][et_pb_video src=\u00a0\u00bbhttp:\/\/youtu.be\/JCNB5zij0Os\u00a0\u00bb _builder_version=\u00a0\u00bb4.11.4&Prime; _module_preset=\u00a0\u00bbdefault\u00a0\u00bb width=\u00a0\u00bb80%\u00a0\u00bb module_alignment=\u00a0\u00bbcenter\u00a0\u00bb custom_margin=\u00a0\u00bb||||false|true\u00a0\u00bb custom_padding=\u00a0\u00bb||||false|true\u00a0\u00bb animation_style=\u00a0\u00bbfold\u00a0\u00bb box_shadow_style=\u00a0\u00bbpreset1&Prime; box_shadow_horizontal=\u00a0\u00bb10px\u00a0\u00bb box_shadow_vertical=\u00a0\u00bb10px\u00a0\u00bb locked=\u00a0\u00bboff\u00a0\u00bb global_colors_info=\u00a0\u00bb{}\u00a0\u00bb][\/et_pb_video][et_pb_toggle title=\u00a0\u00bbLet\u2019s learn about our synodal journey \u2013 Session 2&Prime; open_toggle_text_color=\u00a0\u00bb#A42946&Prime; use_icon_font_size=\u00a0\u00bbon\u00a0\u00bb _builder_version=\u00a0\u00bb4.11.4&Prime; _module_preset=\u00a0\u00bbdefault\u00a0\u00bb title_text_color=\u00a0\u00bb#00B5B5&Prime; title_level=\u00a0\u00bbh4&Prime; title_font=\u00a0\u00bbSchoolbell|700|||||||\u00a0\u00bb title_font_size=\u00a0\u00bb33px\u00a0\u00bb body_font=\u00a0\u00bbCardo|700|||||||\u00a0\u00bb body_text_color=\u00a0\u00bb#000000&Prime; body_font_size=\u00a0\u00bb18px\u00a0\u00bb background_color=\u00a0\u00bbRGBA(0,0,0,0)\u00a0\u00bb min_height=\u00a0\u00bb172px\u00a0\u00bb border_width_all=\u00a0\u00bb0px\u00a0\u00bb global_colors_info=\u00a0\u00bb{}\u00a0\u00bb]<\/p>\n<div id=\"meta\" class=\"style-scope ytd-watch-flexy\">\n<div id=\"meta-contents\" class=\"style-scope ytd-watch-flexy\">\n<p><span dir=\"auto\" class=\"style-scope yt-formatted-string\">Learn how to be a facilitator for a synodal meeting in your community, based on the approach presented in the Diocesan Handbook and adapted to the Spiritual conversation method. Adaptations of the Diocesan Handbook approach should be formulated so as to elicit responses to the two fundamental questions of the synod and to initiate a reflection focused on at least one of the seven elements comprising the statement for a vision of hope. <\/span><\/p>\n<p><span dir=\"auto\" class=\"style-scope yt-formatted-string\">&#8211; PPT of the talk given by Sr. Laurence Loubi\u00e8res XMCJ: <\/span><a class=\"yt-simple-endpoint style-scope yt-formatted-string\" spellcheck=\"false\" href=\"https:\/\/www.youtube.com\/redirect?event=video_description&amp;redir_token=QUFFLUhqbmdzZ0RyWkdPTjNmdFNTS2UwYnZXQ2lmaDJLd3xBQ3Jtc0tubWg1WmRCS0dUUVB4aldYb0plVDZIdXoyNjB5U0FzbUNTd1VDaUFHNF9oSWJvX05NM0N5dmk2N1BsM243dU5FUEh6LXBlRVJJWS0xTVhIUVpka2RTRHRYYUM0RXJRcEVKVWtLcWZQLXZ3SC02bGFoOA&amp;q=https%3A%2F%2Fbit.ly%2F3JjxPGT\" rel=\"nofollow noopener\" target=\"_blank\" dir=\"auto\">https:\/\/bit.ly\/3JjxPGT<\/a><span dir=\"auto\" class=\"style-scope yt-formatted-string\"> <\/span><\/p>\n<p><span dir=\"auto\" class=\"style-scope yt-formatted-string\">&#8211; Diocesan Handbook approach adapted to methods of Spiritual conversation: <\/span><a class=\"yt-simple-endpoint style-scope yt-formatted-string\" spellcheck=\"false\" href=\"https:\/\/www.youtube.com\/redirect?event=video_description&amp;redir_token=QUFFLUhqbFhmWlNFeXFlMThiNUNuLU5IYXlVV0ppcUlQZ3xBQ3Jtc0tsMmlZV2otak56bVFYanl2RGpNSzJXNjNpTWV4b09BUng2Q0NVV3doeEVXZ21DQ0tZRDMwMnFVZ0dva0RPUmJaV3FBSEdORFJHYnlfWmxTYVZoVW1yT21jZVAzdXAtOWl4Ui1DXzBCbEdfeS1ZMXhzMA&amp;q=https%3A%2F%2Fbit.ly%2F3vqMw6F\" rel=\"nofollow noopener\" target=\"_blank\" dir=\"auto\">https:\/\/bit.ly\/3vqMw6F<\/a><span dir=\"auto\" class=\"style-scope yt-formatted-string\"> <\/span><\/p>\n<p><span dir=\"auto\" class=\"style-scope yt-formatted-string\">&#8211; Diocesan Handbook approach: <\/span><a class=\"yt-simple-endpoint style-scope yt-formatted-string\" spellcheck=\"false\" href=\"https:\/\/www.youtube.com\/redirect?event=video_description&amp;redir_token=QUFFLUhqbndPeUpLaUJZMkJKNkpUMGQ0UHpabzZhdFp0UXxBQ3Jtc0ttUjhyTXBkNEMyNXdvSHRUc2FpQmY3UWxMRE5EWlctcXBSOGMyRmo0eFlBeHVOTFNyXy1GcHB2OWhWNUNjQzdlVm5EVVZJUzU2ZkYyUGJ1Q0FtVU1jaXQ1bVRUZTU4SDlmbHQ5aWZlc1BvdmhOWE8wdw&amp;q=https%3A%2F%2Fbit.ly%2F3IicUlY\" rel=\"nofollow noopener\" target=\"_blank\" dir=\"auto\">https:\/\/bit.ly\/3IicUlY<\/a><span dir=\"auto\" class=\"style-scope yt-formatted-string\"> <\/span><\/p>\n<p><span dir=\"auto\" class=\"style-scope yt-formatted-string\">&#8211; Video of Session 1: <\/span><a class=\"yt-simple-endpoint style-scope yt-formatted-string\" spellcheck=\"false\" href=\"https:\/\/www.youtube.com\/watch?v=ZIwYPMiLRsc&amp;t=0s\" dir=\"auto\">https:\/\/youtu.be\/ZIwYPMiLRsc<\/a><span dir=\"auto\" class=\"style-scope yt-formatted-string\"> <\/span><\/p>\n<p><span dir=\"auto\" class=\"style-scope yt-formatted-string\">If you have any questions, please send them by email to: <a href=\"mailto:synode@diocesemontreal.org\">synode@diocesemontreal.org <\/a><\/span><\/p>\n<p><span dir=\"auto\" class=\"style-scope yt-formatted-string\">Video of training session held on: 2022-02-10<\/span><\/p>\n<\/div>\n<\/div>\n<p>[\/et_pb_toggle][\/et_pb_column][\/et_pb_row][et_pb_row _builder_version=\u00a0\u00bb4.11.4&Prime; _module_preset=\u00a0\u00bbdefault\u00a0\u00bb use_background_color_gradient=\u00a0\u00bbon\u00a0\u00bb locked=\u00a0\u00bboff\u00a0\u00bb global_colors_info=\u00a0\u00bb{}\u00a0\u00bb][et_pb_column type=\u00a0\u00bb4_4&Prime; _builder_version=\u00a0\u00bb4.11.4&Prime; _module_preset=\u00a0\u00bbdefault\u00a0\u00bb background_enable_color=\u00a0\u00bboff\u00a0\u00bb global_colors_info=\u00a0\u00bb{}\u00a0\u00bb][et_pb_text _builder_version=\u00a0\u00bb4.11.4&Prime; _module_preset=\u00a0\u00bbdefault\u00a0\u00bb header_font=\u00a0\u00bbSchoolbell||||||||\u00a0\u00bb header_text_align=\u00a0\u00bbcenter\u00a0\u00bb header_text_color=\u00a0\u00bb#ffffff\u00a0\u00bb header_font_size=\u00a0\u00bb37px\u00a0\u00bb header_letter_spacing=\u00a0\u00bb1px\u00a0\u00bb global_colors_info=\u00a0\u00bb{}\u00a0\u00bb]<\/p>\n<h1>Method for families<\/h1>\n<p>[\/et_pb_text][\/et_pb_column][\/et_pb_row][et_pb_row _builder_version=\u00a0\u00bb4.11.4&Prime; _module_preset=\u00a0\u00bbdefault\u00a0\u00bb hover_enabled=\u00a0\u00bb0&Prime; global_colors_info=\u00a0\u00bb{}\u00a0\u00bb sticky_enabled=\u00a0\u00bb0&Prime;][et_pb_column type=\u00a0\u00bb4_4&Prime; _builder_version=\u00a0\u00bb4.11.4&Prime; _module_preset=\u00a0\u00bbdefault\u00a0\u00bb global_colors_info=\u00a0\u00bb{}\u00a0\u00bb][et_pb_video src=\u00a0\u00bbhttps:\/\/youtu.be\/TvvC2An18us\u00a0\u00bb _builder_version=\u00a0\u00bb4.11.4&Prime; _module_preset=\u00a0\u00bbdefault\u00a0\u00bb width=\u00a0\u00bb80%\u00a0\u00bb module_alignment=\u00a0\u00bbcenter\u00a0\u00bb custom_margin=\u00a0\u00bb||||false|true\u00a0\u00bb custom_padding=\u00a0\u00bb||||false|true\u00a0\u00bb animation_style=\u00a0\u00bbfold\u00a0\u00bb hover_enabled=\u00a0\u00bb0&Prime; box_shadow_style=\u00a0\u00bbpreset1&Prime; box_shadow_horizontal=\u00a0\u00bb10px\u00a0\u00bb box_shadow_vertical=\u00a0\u00bb10px\u00a0\u00bb global_colors_info=\u00a0\u00bb{}\u00a0\u00bb sticky_enabled=\u00a0\u00bb0&Prime;][\/et_pb_video][et_pb_toggle title=\u00a0\u00bbLiving the Synod in the Family\u00a0\u00bb open_toggle_text_color=\u00a0\u00bb#A42946&Prime; use_icon_font_size=\u00a0\u00bbon\u00a0\u00bb _builder_version=\u00a0\u00bb4.11.4&Prime; _module_preset=\u00a0\u00bbdefault\u00a0\u00bb title_text_color=\u00a0\u00bb#00B5B5&Prime; title_level=\u00a0\u00bbh4&Prime; title_font=\u00a0\u00bbSchoolbell|700|||||||\u00a0\u00bb title_font_size=\u00a0\u00bb33px\u00a0\u00bb body_font=\u00a0\u00bbCardo|700|||||||\u00a0\u00bb body_text_color=\u00a0\u00bb#000000&Prime; body_font_size=\u00a0\u00bb18px\u00a0\u00bb background_color=\u00a0\u00bbRGBA(0,0,0,0)\u00a0\u00bb min_height=\u00a0\u00bb172px\u00a0\u00bb hover_enabled=\u00a0\u00bb0&Prime; border_width_all=\u00a0\u00bb0px\u00a0\u00bb global_colors_info=\u00a0\u00bb{}\u00a0\u00bb locked=\u00a0\u00bboff\u00a0\u00bb width=\u00a0\u00bb80%\u00a0\u00bb sticky_enabled=\u00a0\u00bb0&Prime; module_alignment=\u00a0\u00bbcenter\u00a0\u00bb]<\/p>\n<p><span dir=\"auto\" class=\"style-scope yt-formatted-string\">How can families participate in the Synod? Their experiences are important for the Synod, especially those of children to whom God speaks in a very special way! Ellen and Bernadette explain how to live a synodal process as a family and answer any questions you may have. Special resources have been prepared to introduce to the synod to families for all those who are close to family life: parents, grandparents, catechists, PCLs, people involved youth and family ministry, priests, deacons, etc. The resources are available <a href=\"https:\/\/microsites.diocesemontreal.org\/microsites\/synode\/toolbox\/\" target=\"_blank\" rel=\"noopener\">here<\/a>.<\/span><\/p>\n<p>[\/et_pb_toggle][\/et_pb_column][\/et_pb_row][\/et_pb_section][et_pb_section fb_built=\u00a0\u00bb1&Prime; disabled_on=\u00a0\u00bbon|off|off\u00a0\u00bb _builder_version=\u00a0\u00bb4.11.4&Prime; _module_preset=\u00a0\u00bbdefault\u00a0\u00bb background_color=\u00a0\u00bb#ffffff\u00a0\u00bb background_enable_image=\u00a0\u00bboff\u00a0\u00bb background_blend=\u00a0\u00bbhard-light\u00a0\u00bb top_divider_style=\u00a0\u00bbmountains\u00a0\u00bb top_divider_color=\u00a0\u00bb#DE8F32&Prime; top_divider_height=\u00a0\u00bb61px\u00a0\u00bb top_divider_repeat=\u00a0\u00bb1x\u00a0\u00bb bottom_divider_style=\u00a0\u00bbarrow3&Prime; bottom_divider_color=\u00a0\u00bb#DDB280&Prime; bottom_divider_height=\u00a0\u00bb49px\u00a0\u00bb saved_tabs=\u00a0\u00bball\u00a0\u00bb locked=\u00a0\u00bboff\u00a0\u00bb global_colors_info=\u00a0\u00bb{}\u00a0\u00bb][et_pb_row _builder_version=\u00a0\u00bb4.11.4&Prime; _module_preset=\u00a0\u00bbdefault\u00a0\u00bb custom_margin=\u00a0\u00bb50px|auto||auto||\u00a0\u00bb locked=\u00a0\u00bboff\u00a0\u00bb global_colors_info=\u00a0\u00bb{}\u00a0\u00bb][et_pb_column type=\u00a0\u00bb4_4&Prime; _builder_version=\u00a0\u00bb4.11.4&Prime; _module_preset=\u00a0\u00bbdefault\u00a0\u00bb global_colors_info=\u00a0\u00bb{}\u00a0\u00bb][et_pb_text _builder_version=\u00a0\u00bb4.11.4&Prime; _module_preset=\u00a0\u00bbdefault\u00a0\u00bb text_font=\u00a0\u00bbSchoolbell||||||||\u00a0\u00bb text_text_color=\u00a0\u00bb#BCCB41&Prime; text_font_size=\u00a0\u00bb45px\u00a0\u00bb header_font=\u00a0\u00bbCardo||||||||\u00a0\u00bb header_text_color=\u00a0\u00bb#A42946&Prime; header_font_size=\u00a0\u00bb56px\u00a0\u00bb custom_margin=\u00a0\u00bb-20px|||||\u00a0\u00bb custom_padding=\u00a0\u00bb0px|||||\u00a0\u00bb global_colors_info=\u00a0\u00bb{}\u00a0\u00bb]<\/p>\n<h1>Testimonials<\/h1>\n<p>[\/et_pb_text][\/et_pb_column][\/et_pb_row][et_pb_row column_structure=\u00a0\u00bb1_2,1_2&Prime; _builder_version=\u00a0\u00bb4.11.4&Prime; _module_preset=\u00a0\u00bbdefault\u00a0\u00bb background_enable_color=\u00a0\u00bboff\u00a0\u00bb vertical_offset=\u00a0\u00bb0px\u00a0\u00bb custom_margin=\u00a0\u00bb-10px||||false|false\u00a0\u00bb custom_padding=\u00a0\u00bb15px|15px|15px|15px|false|false\u00a0\u00bb locked=\u00a0\u00bboff\u00a0\u00bb global_colors_info=\u00a0\u00bb{}\u00a0\u00bb][et_pb_column type=\u00a0\u00bb1_2&Prime; _builder_version=\u00a0\u00bb4.11.4&Prime; _module_preset=\u00a0\u00bbdefault\u00a0\u00bb background_color=\u00a0\u00bbRGBA(0,0,0,0)\u00a0\u00bb custom_padding=\u00a0\u00bb15px|15px|15px|15px|false|false\u00a0\u00bb border_color_all=\u00a0\u00bb#A03983&Prime; global_colors_info=\u00a0\u00bb{}\u00a0\u00bb][et_pb_video src=\u00a0\u00bbhttp:\/\/www.youtube.com\/watch?v=PSABvqJzv84&Prime; _builder_version=\u00a0\u00bb4.11.4&Prime; _module_preset=\u00a0\u00bbdefault\u00a0\u00bb width=\u00a0\u00bb80%\u00a0\u00bb module_alignment=\u00a0\u00bbcenter\u00a0\u00bb custom_margin=\u00a0\u00bb||||false|true\u00a0\u00bb custom_padding=\u00a0\u00bb||||false|true\u00a0\u00bb animation_style=\u00a0\u00bbfold\u00a0\u00bb box_shadow_style=\u00a0\u00bbpreset1&Prime; box_shadow_horizontal=\u00a0\u00bb10px\u00a0\u00bb box_shadow_vertical=\u00a0\u00bb10px\u00a0\u00bb locked=\u00a0\u00bboff\u00a0\u00bb global_colors_info=\u00a0\u00bb{}\u00a0\u00bb][\/et_pb_video][et_pb_toggle title=\u00a0\u00bbTestimony of Maria Regina Melo (in French only) &#8211; Synod\u00a0\u00bb open_toggle_text_color=\u00a0\u00bb#A42946&Prime; use_icon_font_size=\u00a0\u00bbon\u00a0\u00bb _builder_version=\u00a0\u00bb4.11.4&Prime; _module_preset=\u00a0\u00bbdefault\u00a0\u00bb title_text_color=\u00a0\u00bb#00B5B5&Prime; title_level=\u00a0\u00bbh4&Prime; title_font=\u00a0\u00bbSchoolbell|700|||||||\u00a0\u00bb title_font_size=\u00a0\u00bb33px\u00a0\u00bb body_font=\u00a0\u00bbCardo|700|||||||\u00a0\u00bb body_text_color=\u00a0\u00bb#000000&Prime; body_font_size=\u00a0\u00bb18px\u00a0\u00bb background_color=\u00a0\u00bbRGBA(0,0,0,0)\u00a0\u00bb border_width_all=\u00a0\u00bb0px\u00a0\u00bb locked=\u00a0\u00bboff\u00a0\u00bb global_colors_info=\u00a0\u00bb{}\u00a0\u00bb]<\/p>\n<p>On November 4, the employees of the Archdiocese and Mary Queen of the World Cathedral held a synodal meeting.\u00a0The method followed was the one presented in the <a href=\"https:\/\/diocesemontreal.org\/sites\/default\/files\/ressources\/2021-11\/Diocesan-Handbook-Synod-2021-2023.pdf\">Diocesan Guide<\/a>.<\/p>\n<p>Here is the testimony of Maria-R\u00e9gina Melo, coordinator of the office for Pastoral Home Care (SASMAD).<\/p>\n<p>[\/et_pb_toggle][\/et_pb_column][et_pb_column type=\u00a0\u00bb1_2&Prime; _builder_version=\u00a0\u00bb4.11.4&Prime; _module_preset=\u00a0\u00bbdefault\u00a0\u00bb background_color=\u00a0\u00bbRGBA(0,0,0,0)\u00a0\u00bb custom_padding=\u00a0\u00bb15px|15px|15px|15px|false|false\u00a0\u00bb border_color_all=\u00a0\u00bb#A03983&Prime; global_colors_info=\u00a0\u00bb{}\u00a0\u00bb][et_pb_video src=\u00a0\u00bbhttp:\/\/www.youtube.com\/watch?v=h1x2oKeZZZc\u00a0\u00bb _builder_version=\u00a0\u00bb4.11.4&Prime; _module_preset=\u00a0\u00bbdefault\u00a0\u00bb width=\u00a0\u00bb80%\u00a0\u00bb module_alignment=\u00a0\u00bbcenter\u00a0\u00bb custom_margin=\u00a0\u00bb||||false|true\u00a0\u00bb custom_padding=\u00a0\u00bb||||false|true\u00a0\u00bb animation_style=\u00a0\u00bbfold\u00a0\u00bb box_shadow_style=\u00a0\u00bbpreset1&Prime; box_shadow_horizontal=\u00a0\u00bb10px\u00a0\u00bb box_shadow_vertical=\u00a0\u00bb10px\u00a0\u00bb locked=\u00a0\u00bboff\u00a0\u00bb global_colors_info=\u00a0\u00bb{}\u00a0\u00bb][\/et_pb_video][et_pb_toggle title=\u00a0\u00bbTestimony of Cathie Macaulay &#8211; Synod\u00a0\u00bb open_toggle_text_color=\u00a0\u00bb#A42946&Prime; use_icon_font_size=\u00a0\u00bbon\u00a0\u00bb _builder_version=\u00a0\u00bb4.11.4&Prime; _module_preset=\u00a0\u00bbdefault\u00a0\u00bb title_text_color=\u00a0\u00bb#00B5B5&Prime; title_level=\u00a0\u00bbh4&Prime; title_font=\u00a0\u00bbSchoolbell|700|||||||\u00a0\u00bb title_font_size=\u00a0\u00bb33px\u00a0\u00bb body_font=\u00a0\u00bbCardo|700|||||||\u00a0\u00bb body_text_color=\u00a0\u00bb#000000&Prime; body_font_size=\u00a0\u00bb18px\u00a0\u00bb background_color=\u00a0\u00bbRGBA(0,0,0,0)\u00a0\u00bb border_width_all=\u00a0\u00bb0px\u00a0\u00bb locked=\u00a0\u00bboff\u00a0\u00bb global_colors_info=\u00a0\u00bb{}\u00a0\u00bb]<\/p>\n<div id=\"meta\" class=\"style-scope ytd-watch-flexy\">\n<div id=\"meta-contents\" class=\"style-scope ytd-watch-flexy\">\n<div id=\"meta\" class=\"style-scope ytd-watch-flexy\">\n<div id=\"meta-contents\" class=\"style-scope ytd-watch-flexy\">\n<p>On November 4th, the employees of the Archdiocese of Montreal and the Mary Queen of the World Cathedral experienced a synodal meeting. The method followed was the one presented in the <a href=\"https:\/\/diocesemontreal.org\/sites\/default\/files\/ressources\/2021-11\/Diocesan-Handbook-Synod-2021-2023.pdf\">Diocesan guide<\/a>.<br \/><ytd-video-secondary-info-renderer class=\"style-scope ytd-watch-flexy\"><\/ytd-video-secondary-info-renderer><\/p>\n<div id=\"container\" class=\"style-scope ytd-video-secondary-info-renderer\">\n<p><ytd-expander class=\"style-scope ytd-video-secondary-info-renderer\"><\/ytd-expander><\/p>\n<div id=\"content\" class=\"style-scope ytd-expander\">\n<div slot=\"content\" class=\"style-scope ytd-video-secondary-info-renderer\"><\/div>\n<div slot=\"content\" class=\"style-scope ytd-video-secondary-info-renderer\"><yt-formatted-string class=\"content style-scope ytd-video-secondary-info-renderer\" force-default-style=\"\" split-lines=\"\"><span dir=\"auto\" class=\"style-scope yt-formatted-string\">H<\/span><\/yt-formatted-string><yt-formatted-string class=\"content style-scope ytd-video-secondary-info-renderer\" force-default-style=\"\" split-lines=\"\"><span dir=\"auto\" class=\"style-scope yt-formatted-string\">ere is the testimony of Cathie Macaulay, coordinator of at the Office for English Pastoral Services (OEPS)<\/span><\/yt-formatted-string><\/div>\n<\/div>\n<p><ytd-metadata-row-container-renderer class=\"sticky style-scope ytd-video-secondary-info-renderer\" slot=\"sticky\"><\/ytd-metadata-row-container-renderer><\/p>\n<div id=\"always-shown\" class=\"style-scope ytd-metadata-row-container-renderer\"><\/div>\n<div id=\"collapsible\" class=\"style-scope ytd-metadata-row-container-renderer\"><\/div>\n<\/div>\n<\/div>\n<\/div>\n<p>&nbsp;<\/p>\n<\/div>\n<\/div>\n<p>[\/et_pb_toggle][\/et_pb_column][\/et_pb_row][et_pb_row column_structure=\u00a0\u00bb1_3,1_3,1_3&Prime; _builder_version=\u00a0\u00bb4.11.4&Prime; _module_preset=\u00a0\u00bbdefault\u00a0\u00bb background_enable_color=\u00a0\u00bboff\u00a0\u00bb vertical_offset=\u00a0\u00bb0px\u00a0\u00bb custom_margin=\u00a0\u00bb-10px||||false|false\u00a0\u00bb custom_padding=\u00a0\u00bb15px|15px|15px|15px|false|false\u00a0\u00bb locked=\u00a0\u00bboff\u00a0\u00bb global_colors_info=\u00a0\u00bb{}\u00a0\u00bb][et_pb_column type=\u00a0\u00bb1_3&Prime; _builder_version=\u00a0\u00bb4.11.4&Prime; _module_preset=\u00a0\u00bbdefault\u00a0\u00bb background_color=\u00a0\u00bbRGBA(0,0,0,0)\u00a0\u00bb custom_padding=\u00a0\u00bb15px|15px|15px|15px|false|false\u00a0\u00bb border_color_all=\u00a0\u00bb#A03983&Prime; global_colors_info=\u00a0\u00bb{}\u00a0\u00bb][et_pb_video src=\u00a0\u00bbhttps:\/\/www.youtube.com\/watch?v=ok7_bmC7OuU\u00a0\u00bb _builder_version=\u00a0\u00bb4.11.4&Prime; _module_preset=\u00a0\u00bbdefault\u00a0\u00bb box_shadow_style=\u00a0\u00bbpreset1&Prime; box_shadow_blur=\u00a0\u00bb2px\u00a0\u00bb locked=\u00a0\u00bboff\u00a0\u00bb global_colors_info=\u00a0\u00bb{}\u00a0\u00bb][\/et_pb_video][et_pb_toggle title=\u00a0\u00bbOur Synodal journey: A testimonial by Sister Grace\u00a0\u00bb open_toggle_text_color=\u00a0\u00bb#A42946&Prime; closed_toggle_text_color=\u00a0\u00bb#00B5B5&Prime; use_icon_font_size=\u00a0\u00bbon\u00a0\u00bb _builder_version=\u00a0\u00bb4.11.4&Prime; _module_preset=\u00a0\u00bbdefault\u00a0\u00bb title_text_color=\u00a0\u00bb#00B5B5&Prime; title_level=\u00a0\u00bbh4&Prime; title_font=\u00a0\u00bbSchoolbell|700|||||||\u00a0\u00bb title_text_align=\u00a0\u00bbleft\u00a0\u00bb title_font_size=\u00a0\u00bb27px\u00a0\u00bb title_line_height=\u00a0\u00bb1.2em\u00a0\u00bb body_font=\u00a0\u00bbCardo|700|||||||\u00a0\u00bb body_text_color=\u00a0\u00bb#000000&Prime; body_font_size=\u00a0\u00bb18px\u00a0\u00bb background_color=\u00a0\u00bbRGBA(0,0,0,0)\u00a0\u00bb border_width_all=\u00a0\u00bb0px\u00a0\u00bb locked=\u00a0\u00bboff\u00a0\u00bb global_colors_info=\u00a0\u00bb{}\u00a0\u00bb]<\/p>\n<p style=\"text-align: justify;\"><span dir=\"auto\" class=\"style-scope yt-formatted-string\">How can you make a difference in the transformation of the Church? Your voice matters in the Synod. Hear first-hand from those who have joined the synodal process in Montreal. Sister Grace shares her experience so far. <\/span><\/p>\n<p style=\"text-align: justify;\"><span dir=\"auto\" class=\"style-scope yt-formatted-string\">Interested in taking part? <\/span><span dir=\"auto\" class=\"style-scope yt-formatted-string\">Contact your local parishes and visit the following link to <a href=\"https:\/\/docs.google.com\/forms\/d\/e\/1FAIpQLSeyxAkSpwnc2njl2e0WSM038BkZpFl3c7ntP5rbF1F0xJMO7g\/viewform\" target=\"_blank\" rel=\"noopener\">share your experience<\/a>.<a class=\"yt-simple-endpoint style-scope yt-formatted-string\" spellcheck=\"false\" href=\"https:\/\/www.youtube.com\/redirect?event=video_description&amp;redir_token=QUFFLUhqbmVQVk5renJWRnpEVnNfdm0zb29ySkFON2UwQXxBQ3Jtc0tsUDhfMXlrbmxwR3VNNS1GbU9yOU1LLUFENkJ3OXAxblowM3BMaXdaem44SXF0bnZqODdRNGlwT2FwYmVlRDgtMHlLRGVZcVN5QVlJdHlsWlNsaUhidWptZnBQUDdJMmlXZ2tuN2FiSFYzYXltNk5PUQ&amp;q=https%3A%2F%2Fmicrosites.diocesemontreal.org%2Fmicrosites%2Fsynode%2Fhome&amp;v=ok7_bmC7OuU\" rel=\"nofollow noopener\" target=\"_blank\" dir=\"auto\"><\/a><\/span><\/p>\n<p>[\/et_pb_toggle][\/et_pb_column][et_pb_column type=\u00a0\u00bb1_3&Prime; _builder_version=\u00a0\u00bb4.11.4&Prime; _module_preset=\u00a0\u00bbdefault\u00a0\u00bb background_color=\u00a0\u00bbRGBA(0,0,0,0)\u00a0\u00bb custom_padding=\u00a0\u00bb15px|15px|15px|15px|false|false\u00a0\u00bb border_color_all=\u00a0\u00bb#A03983&Prime; global_colors_info=\u00a0\u00bb{}\u00a0\u00bb][et_pb_video src=\u00a0\u00bbhttps:\/\/www.youtube.com\/watch?v=MhLzPJ1to80&Prime; _builder_version=\u00a0\u00bb4.11.4&Prime; _module_preset=\u00a0\u00bbdefault\u00a0\u00bb box_shadow_style=\u00a0\u00bbpreset1&Prime; box_shadow_blur=\u00a0\u00bb2px\u00a0\u00bb locked=\u00a0\u00bboff\u00a0\u00bb global_colors_info=\u00a0\u00bb{}\u00a0\u00bb][\/et_pb_video][et_pb_toggle title=\u00a0\u00bbOur Synodal journey: A testimonial by Charles Tacker\u00a0\u00bb open_toggle_text_color=\u00a0\u00bb#A42946&Prime; use_icon_font_size=\u00a0\u00bbon\u00a0\u00bb _builder_version=\u00a0\u00bb4.11.4&Prime; _module_preset=\u00a0\u00bbdefault\u00a0\u00bb title_text_color=\u00a0\u00bb#00B5B5&Prime; title_level=\u00a0\u00bbh4&Prime; title_font=\u00a0\u00bbSchoolbell|700|||||||\u00a0\u00bb title_text_align=\u00a0\u00bbleft\u00a0\u00bb title_font_size=\u00a0\u00bb27px\u00a0\u00bb title_line_height=\u00a0\u00bb1.2em\u00a0\u00bb body_font=\u00a0\u00bbCardo|700|||||||\u00a0\u00bb body_text_color=\u00a0\u00bb#000000&Prime; body_font_size=\u00a0\u00bb18px\u00a0\u00bb background_color=\u00a0\u00bbRGBA(0,0,0,0)\u00a0\u00bb border_width_all=\u00a0\u00bb0px\u00a0\u00bb locked=\u00a0\u00bboff\u00a0\u00bb global_colors_info=\u00a0\u00bb{}\u00a0\u00bb]<\/p>\n<div id=\"meta\" class=\"style-scope ytd-watch-flexy\">\n<div id=\"meta-contents\" class=\"style-scope ytd-watch-flexy\">\n<p><span><span dir=\"auto\" class=\"style-scope yt-formatted-string\">How can you make a difference in the transformation of the Church? Your voice matters in the Synod. Hear first-hand from those who have joined the synodal process in Montreal. Charles Tacker shares his experience so far.\u00a0\u00a0<\/span><\/span><\/p>\n<p><span><span dir=\"auto\" class=\"style-scope yt-formatted-string\">Interested in taking part? Contact your local parishes and visit the following link to <a href=\"https:\/\/docs.google.com\/forms\/d\/e\/1FAIpQLSeyxAkSpwnc2njl2e0WSM038BkZpFl3c7ntP5rbF1F0xJMO7g\/viewform\" target=\"_blank\" rel=\"noopener\">share your experience<\/a>.<\/span><\/span><\/p>\n<\/div>\n<\/div>\n<p>[\/et_pb_toggle][\/et_pb_column][et_pb_column type=\u00a0\u00bb1_3&Prime; _builder_version=\u00a0\u00bb4.11.4&Prime; _module_preset=\u00a0\u00bbdefault\u00a0\u00bb background_color=\u00a0\u00bbRGBA(0,0,0,0)\u00a0\u00bb custom_padding=\u00a0\u00bb15px|15px|15px|15px|false|false\u00a0\u00bb border_color_all=\u00a0\u00bb#A03983&Prime; global_colors_info=\u00a0\u00bb{}\u00a0\u00bb][et_pb_video src=\u00a0\u00bbhttps:\/\/www.youtube.com\/watch?v=ip6vFqdUqyA&#038;t=26s\u00a0\u00bb _builder_version=\u00a0\u00bb4.11.4&Prime; _module_preset=\u00a0\u00bbdefault\u00a0\u00bb box_shadow_style=\u00a0\u00bbpreset1&Prime; box_shadow_blur=\u00a0\u00bb2px\u00a0\u00bb locked=\u00a0\u00bboff\u00a0\u00bb global_colors_info=\u00a0\u00bb{}\u00a0\u00bb][\/et_pb_video][et_pb_toggle title=\u00a0\u00bbOur Synodal journey: A testimonial by Malou Foz\u00a0\u00bb open_toggle_text_color=\u00a0\u00bb#A42946&Prime; use_icon_font_size=\u00a0\u00bbon\u00a0\u00bb _builder_version=\u00a0\u00bb4.11.4&Prime; _module_preset=\u00a0\u00bbdefault\u00a0\u00bb title_text_color=\u00a0\u00bb#00B5B5&Prime; title_level=\u00a0\u00bbh4&Prime; title_font=\u00a0\u00bbSchoolbell|700|||||||\u00a0\u00bb title_text_align=\u00a0\u00bbleft\u00a0\u00bb title_font_size=\u00a0\u00bb27px\u00a0\u00bb title_line_height=\u00a0\u00bb1.2em\u00a0\u00bb body_font=\u00a0\u00bbCardo|700|||||||\u00a0\u00bb body_text_color=\u00a0\u00bb#000000&Prime; body_font_size=\u00a0\u00bb18px\u00a0\u00bb background_color=\u00a0\u00bbRGBA(0,0,0,0)\u00a0\u00bb border_width_all=\u00a0\u00bb0px\u00a0\u00bb locked=\u00a0\u00bboff\u00a0\u00bb global_colors_info=\u00a0\u00bb{}\u00a0\u00bb]<\/p>\n<div id=\"meta\" class=\"style-scope ytd-watch-flexy\">\n<div id=\"meta-contents\" class=\"style-scope ytd-watch-flexy\">\n<p><span>How can you make a difference in the transformation of the Church? Your voice matters in the Synod. Hear first-hand from those who have joined the synodal process in Montreal. Malou Foz shares her experience so far. <\/span><\/p>\n<p><span dir=\"auto\" class=\"style-scope yt-formatted-string\">Interested in taking part? <\/span><span dir=\"auto\" class=\"style-scope yt-formatted-string\">Contact your local parishes and visit the following link to <a href=\"https:\/\/docs.google.com\/forms\/d\/e\/1FAIpQLSeyxAkSpwnc2njl2e0WSM038BkZpFl3c7ntP5rbF1F0xJMO7g\/viewform\" target=\"_blank\" rel=\"noopener\">share your experience<\/a>.<\/span><\/p>\n<\/div>\n<\/div>\n<p>[\/et_pb_toggle][\/et_pb_column][\/et_pb_row][\/et_pb_section][et_pb_section fb_built=\u00a0\u00bb1&Prime; disabled_on=\u00a0\u00bboff|on|on\u00a0\u00bb _builder_version=\u00a0\u00bb4.11.4&Prime; _module_preset=\u00a0\u00bbdefault\u00a0\u00bb background_color=\u00a0\u00bb#ffffff\u00a0\u00bb background_image=\u00a0\u00bbhttps:\/\/microsites.diocesemontreal.org\/microsites\/synode\/wp-content\/uploads\/sites\/50\/2021\/10\/fond-video.png\u00a0\u00bb background_blend=\u00a0\u00bbhard-light\u00a0\u00bb top_divider_color=\u00a0\u00bb#DE8F32&Prime; top_divider_height=\u00a0\u00bb98px\u00a0\u00bb top_divider_repeat=\u00a0\u00bb1x\u00a0\u00bb saved_tabs=\u00a0\u00bball\u00a0\u00bb locked=\u00a0\u00bboff\u00a0\u00bb global_colors_info=\u00a0\u00bb{}\u00a0\u00bb][et_pb_row _builder_version=\u00a0\u00bb4.11.4&Prime; _module_preset=\u00a0\u00bbdefault\u00a0\u00bb custom_margin=\u00a0\u00bb50px|auto||auto||\u00a0\u00bb locked=\u00a0\u00bboff\u00a0\u00bb global_colors_info=\u00a0\u00bb{}\u00a0\u00bb][et_pb_column type=\u00a0\u00bb4_4&Prime; _builder_version=\u00a0\u00bb4.11.4&Prime; _module_preset=\u00a0\u00bbdefault\u00a0\u00bb global_colors_info=\u00a0\u00bb{}\u00a0\u00bb][et_pb_text _builder_version=\u00a0\u00bb4.11.4&Prime; _module_preset=\u00a0\u00bbdefault\u00a0\u00bb text_font=\u00a0\u00bbSchoolbell||||||||\u00a0\u00bb text_text_color=\u00a0\u00bb#BCCB41&Prime; text_font_size=\u00a0\u00bb45px\u00a0\u00bb header_font=\u00a0\u00bbCardo||||||||\u00a0\u00bb header_text_color=\u00a0\u00bb#A42946&Prime; header_font_size=\u00a0\u00bb56px\u00a0\u00bb custom_margin=\u00a0\u00bb-20px|||||\u00a0\u00bb custom_padding=\u00a0\u00bb0px|||||\u00a0\u00bb global_colors_info=\u00a0\u00bb{}\u00a0\u00bb]<\/p>\n<h1>Testimonials<\/h1>\n<p>[\/et_pb_text][\/et_pb_column][\/et_pb_row][et_pb_row _builder_version=\u00a0\u00bb4.11.4&Prime; _module_preset=\u00a0\u00bbdefault\u00a0\u00bb background_enable_color=\u00a0\u00bboff\u00a0\u00bb vertical_offset=\u00a0\u00bb0px\u00a0\u00bb custom_margin=\u00a0\u00bb0px||||false|false\u00a0\u00bb custom_padding=\u00a0\u00bb0px|0px|0px|0px|false|false\u00a0\u00bb locked=\u00a0\u00bboff\u00a0\u00bb global_colors_info=\u00a0\u00bb{}\u00a0\u00bb][et_pb_column type=\u00a0\u00bb4_4&Prime; _builder_version=\u00a0\u00bb4.11.4&Prime; _module_preset=\u00a0\u00bbdefault\u00a0\u00bb background_color=\u00a0\u00bbRGBA(0,0,0,0)\u00a0\u00bb custom_padding=\u00a0\u00bb0px|0px|0px|0px|false|true\u00a0\u00bb border_color_all=\u00a0\u00bb#A03983&Prime; global_colors_info=\u00a0\u00bb{}\u00a0\u00bb][et_pb_video src=\u00a0\u00bbhttp:\/\/www.youtube.com\/watch?v=PSABvqJzv84&Prime; _builder_version=\u00a0\u00bb4.11.4&Prime; _module_preset=\u00a0\u00bbdefault\u00a0\u00bb width=\u00a0\u00bb100%\u00a0\u00bb module_alignment=\u00a0\u00bbcenter\u00a0\u00bb custom_margin=\u00a0\u00bb||||false|true\u00a0\u00bb custom_padding=\u00a0\u00bb||||false|true\u00a0\u00bb animation_style=\u00a0\u00bbfold\u00a0\u00bb box_shadow_style=\u00a0\u00bbpreset1&Prime; box_shadow_horizontal=\u00a0\u00bb10px\u00a0\u00bb box_shadow_vertical=\u00a0\u00bb10px\u00a0\u00bb locked=\u00a0\u00bboff\u00a0\u00bb global_colors_info=\u00a0\u00bb{}\u00a0\u00bb][\/et_pb_video][et_pb_toggle title=\u00a0\u00bbTestimony of Maria Regina Melo (in French only) &#8211; Synod\u00a0\u00bb open_toggle_text_color=\u00a0\u00bb#A42946&Prime; use_icon_font_size=\u00a0\u00bbon\u00a0\u00bb _builder_version=\u00a0\u00bb4.11.4&Prime; _module_preset=\u00a0\u00bbdefault\u00a0\u00bb title_text_color=\u00a0\u00bb#00B5B5&Prime; title_level=\u00a0\u00bbh4&Prime; title_font=\u00a0\u00bbSchoolbell|700|||||||\u00a0\u00bb title_font_size=\u00a0\u00bb33px\u00a0\u00bb body_font=\u00a0\u00bbCardo|700|||||||\u00a0\u00bb body_text_color=\u00a0\u00bb#000000&Prime; body_font_size=\u00a0\u00bb18px\u00a0\u00bb background_color=\u00a0\u00bbRGBA(0,0,0,0)\u00a0\u00bb min_height=\u00a0\u00bb94px\u00a0\u00bb border_width_all=\u00a0\u00bb0px\u00a0\u00bb locked=\u00a0\u00bboff\u00a0\u00bb global_colors_info=\u00a0\u00bb{}\u00a0\u00bb]<\/p>\n<p>On November 4, the employees of the Archdiocese and Mary Queen of the World Cathedral held a synodal meeting.\u00a0The method followed was the one presented in the <a href=\"https:\/\/diocesemontreal.org\/sites\/default\/files\/ressources\/2021-11\/Diocesan-Handbook-Synod-2021-2023.pdf\">Diocesan Guide<\/a>.<\/p>\n<p>Here is the testimony of Maria-R\u00e9gina Melo, coordinator of the office for Pastoral Home Care (SASMAD).<\/p>\n<p>[\/et_pb_toggle][et_pb_video src=\u00a0\u00bbhttp:\/\/www.youtube.com\/watch?v=h1x2oKeZZZc\u00a0\u00bb _builder_version=\u00a0\u00bb4.11.4&Prime; _module_preset=\u00a0\u00bbdefault\u00a0\u00bb width=\u00a0\u00bb100%\u00a0\u00bb module_alignment=\u00a0\u00bbcenter\u00a0\u00bb custom_margin=\u00a0\u00bb||||false|true\u00a0\u00bb custom_padding=\u00a0\u00bb||||false|true\u00a0\u00bb animation_style=\u00a0\u00bbfold\u00a0\u00bb box_shadow_style=\u00a0\u00bbpreset1&Prime; box_shadow_horizontal=\u00a0\u00bb10px\u00a0\u00bb box_shadow_vertical=\u00a0\u00bb10px\u00a0\u00bb locked=\u00a0\u00bboff\u00a0\u00bb global_colors_info=\u00a0\u00bb{}\u00a0\u00bb][\/et_pb_video][et_pb_toggle title=\u00a0\u00bbTestimony of Cathie Macaulay &#8211; Synod\u00a0\u00bb open_toggle_text_color=\u00a0\u00bb#A42946&Prime; use_icon_font_size=\u00a0\u00bbon\u00a0\u00bb _builder_version=\u00a0\u00bb4.11.4&Prime; _module_preset=\u00a0\u00bbdefault\u00a0\u00bb title_text_color=\u00a0\u00bb#00B5B5&Prime; title_level=\u00a0\u00bbh4&Prime; title_font=\u00a0\u00bbSchoolbell|700|||||||\u00a0\u00bb title_font_size=\u00a0\u00bb33px\u00a0\u00bb body_font=\u00a0\u00bbCardo|700|||||||\u00a0\u00bb body_text_color=\u00a0\u00bb#000000&Prime; body_font_size=\u00a0\u00bb18px\u00a0\u00bb background_color=\u00a0\u00bbRGBA(0,0,0,0)\u00a0\u00bb min_height=\u00a0\u00bb94px\u00a0\u00bb border_width_all=\u00a0\u00bb0px\u00a0\u00bb locked=\u00a0\u00bboff\u00a0\u00bb global_colors_info=\u00a0\u00bb{}\u00a0\u00bb]<\/p>\n<div id=\"meta\" class=\"style-scope ytd-watch-flexy\">\n<div id=\"meta-contents\" class=\"style-scope ytd-watch-flexy\">\n<div id=\"meta\" class=\"style-scope ytd-watch-flexy\">\n<div id=\"meta-contents\" class=\"style-scope ytd-watch-flexy\">\n<p>On November 4th, the employees of the Archdiocese of Montreal and the Mary Queen of the World Cathedral experienced a synodal meeting. The method followed was the one presented in the <a href=\"https:\/\/diocesemontreal.org\/sites\/default\/files\/ressources\/2021-11\/Diocesan-Handbook-Synod-2021-2023.pdf\">Diocesan guide<\/a>.<br \/><ytd-video-secondary-info-renderer class=\"style-scope ytd-watch-flexy\"><\/ytd-video-secondary-info-renderer><\/p>\n<div id=\"container\" class=\"style-scope ytd-video-secondary-info-renderer\">\n<p><ytd-expander class=\"style-scope ytd-video-secondary-info-renderer\"><\/ytd-expander><\/p>\n<div id=\"content\" class=\"style-scope ytd-expander\">\n<div slot=\"content\" class=\"style-scope ytd-video-secondary-info-renderer\"><\/div>\n<div slot=\"content\" class=\"style-scope ytd-video-secondary-info-renderer\"><yt-formatted-string class=\"content style-scope ytd-video-secondary-info-renderer\" force-default-style=\"\" split-lines=\"\"><span dir=\"auto\" class=\"style-scope yt-formatted-string\">H<\/span><\/yt-formatted-string><yt-formatted-string class=\"content style-scope ytd-video-secondary-info-renderer\" force-default-style=\"\" split-lines=\"\"><span dir=\"auto\" class=\"style-scope yt-formatted-string\">ere is the testimony of Cathie Macaulay, coordinator of at the Office for English Pastoral Services (OEPS)<\/span><\/yt-formatted-string><\/div>\n<\/div>\n<p><ytd-metadata-row-container-renderer class=\"sticky style-scope ytd-video-secondary-info-renderer\" slot=\"sticky\"><\/ytd-metadata-row-container-renderer><\/p>\n<div id=\"always-shown\" class=\"style-scope ytd-metadata-row-container-renderer\"><\/div>\n<div id=\"collapsible\" class=\"style-scope ytd-metadata-row-container-renderer\"><\/div>\n<\/div>\n<\/div>\n<\/div>\n<p>&nbsp;<\/p>\n<\/div>\n<\/div>\n<p>[\/et_pb_toggle][et_pb_video src=\u00a0\u00bbhttps:\/\/www.youtube.com\/watch?v=ok7_bmC7OuU\u00a0\u00bb _builder_version=\u00a0\u00bb4.11.4&Prime; _module_preset=\u00a0\u00bbdefault\u00a0\u00bb box_shadow_style=\u00a0\u00bbpreset1&Prime; box_shadow_blur=\u00a0\u00bb2px\u00a0\u00bb locked=\u00a0\u00bboff\u00a0\u00bb global_colors_info=\u00a0\u00bb{}\u00a0\u00bb][\/et_pb_video][et_pb_toggle title=\u00a0\u00bbOur Synodal journey: A testimonial by Sister Grace\u00a0\u00bb open_toggle_text_color=\u00a0\u00bb#A42946&Prime; closed_toggle_text_color=\u00a0\u00bb#00B5B5&Prime; use_icon_font_size=\u00a0\u00bbon\u00a0\u00bb _builder_version=\u00a0\u00bb4.11.4&Prime; _module_preset=\u00a0\u00bbdefault\u00a0\u00bb title_text_color=\u00a0\u00bb#00B5B5&Prime; title_level=\u00a0\u00bbh4&Prime; title_font=\u00a0\u00bbSchoolbell|700|||||||\u00a0\u00bb title_text_align=\u00a0\u00bbleft\u00a0\u00bb title_font_size=\u00a0\u00bb27px\u00a0\u00bb title_line_height=\u00a0\u00bb1.2em\u00a0\u00bb body_font=\u00a0\u00bbCardo|700|||||||\u00a0\u00bb body_text_color=\u00a0\u00bb#000000&Prime; body_font_size=\u00a0\u00bb18px\u00a0\u00bb background_color=\u00a0\u00bbRGBA(0,0,0,0)\u00a0\u00bb border_width_all=\u00a0\u00bb0px\u00a0\u00bb locked=\u00a0\u00bboff\u00a0\u00bb global_colors_info=\u00a0\u00bb{}\u00a0\u00bb]<\/p>\n<p style=\"text-align: justify;\"><span dir=\"auto\" class=\"style-scope yt-formatted-string\">How can you make a difference in the transformation of the Church? Your voice matters in the Synod. Hear first-hand from those who have joined the synodal process in Montreal. Sister Grace shares her experience so far. <\/span><\/p>\n<p style=\"text-align: justify;\"><span dir=\"auto\" class=\"style-scope yt-formatted-string\">Interested in taking part? <\/span><span dir=\"auto\" class=\"style-scope yt-formatted-string\">Contact your local parishes and visit the following link to <a href=\"https:\/\/docs.google.com\/forms\/d\/e\/1FAIpQLSeyxAkSpwnc2njl2e0WSM038BkZpFl3c7ntP5rbF1F0xJMO7g\/viewform\" target=\"_blank\" rel=\"noopener\">share your experience<\/a>.<a class=\"yt-simple-endpoint style-scope yt-formatted-string\" spellcheck=\"false\" href=\"https:\/\/www.youtube.com\/redirect?event=video_description&amp;redir_token=QUFFLUhqbmVQVk5renJWRnpEVnNfdm0zb29ySkFON2UwQXxBQ3Jtc0tsUDhfMXlrbmxwR3VNNS1GbU9yOU1LLUFENkJ3OXAxblowM3BMaXdaem44SXF0bnZqODdRNGlwT2FwYmVlRDgtMHlLRGVZcVN5QVlJdHlsWlNsaUhidWptZnBQUDdJMmlXZ2tuN2FiSFYzYXltNk5PUQ&amp;q=https%3A%2F%2Fmicrosites.diocesemontreal.org%2Fmicrosites%2Fsynode%2Fhome&amp;v=ok7_bmC7OuU\" rel=\"nofollow noopener\" target=\"_blank\" dir=\"auto\"><\/a><\/span><\/p>\n<p>[\/et_pb_toggle][et_pb_video src=\u00a0\u00bbhttps:\/\/www.youtube.com\/watch?v=MhLzPJ1to80&Prime; _builder_version=\u00a0\u00bb4.11.4&Prime; _module_preset=\u00a0\u00bbdefault\u00a0\u00bb box_shadow_style=\u00a0\u00bbpreset1&Prime; box_shadow_blur=\u00a0\u00bb2px\u00a0\u00bb locked=\u00a0\u00bboff\u00a0\u00bb global_colors_info=\u00a0\u00bb{}\u00a0\u00bb][\/et_pb_video][et_pb_toggle title=\u00a0\u00bbOur Synodal journey: A testimonial by Charles Tacker\u00a0\u00bb open_toggle_text_color=\u00a0\u00bb#A42946&Prime; use_icon_font_size=\u00a0\u00bbon\u00a0\u00bb _builder_version=\u00a0\u00bb4.11.4&Prime; _module_preset=\u00a0\u00bbdefault\u00a0\u00bb title_text_color=\u00a0\u00bb#00B5B5&Prime; title_level=\u00a0\u00bbh4&Prime; title_font=\u00a0\u00bbSchoolbell|700|||||||\u00a0\u00bb title_text_align=\u00a0\u00bbleft\u00a0\u00bb title_font_size=\u00a0\u00bb27px\u00a0\u00bb title_line_height=\u00a0\u00bb1.2em\u00a0\u00bb body_font=\u00a0\u00bbCardo|700|||||||\u00a0\u00bb body_text_color=\u00a0\u00bb#000000&Prime; body_font_size=\u00a0\u00bb18px\u00a0\u00bb background_color=\u00a0\u00bbRGBA(0,0,0,0)\u00a0\u00bb border_width_all=\u00a0\u00bb0px\u00a0\u00bb locked=\u00a0\u00bboff\u00a0\u00bb global_colors_info=\u00a0\u00bb{}\u00a0\u00bb]<\/p>\n<div id=\"meta\" class=\"style-scope ytd-watch-flexy\">\n<div id=\"meta-contents\" class=\"style-scope ytd-watch-flexy\">\n<p><span><span dir=\"auto\" class=\"style-scope yt-formatted-string\">How can you make a difference in the transformation of the Church? Your voice matters in the Synod. Hear first-hand from those who have joined the synodal process in Montreal. Charles Tacker shares his experience so far.\u00a0\u00a0<\/span><\/span><\/p>\n<p><span><span dir=\"auto\" class=\"style-scope yt-formatted-string\">Interested in taking part? Contact your local parishes and visit the following link to <a href=\"https:\/\/docs.google.com\/forms\/d\/e\/1FAIpQLSeyxAkSpwnc2njl2e0WSM038BkZpFl3c7ntP5rbF1F0xJMO7g\/viewform\" target=\"_blank\" rel=\"noopener\">share your experience<\/a>.<\/span><\/span><\/p>\n<\/div>\n<\/div>\n<p>[\/et_pb_toggle][et_pb_video src=\u00a0\u00bbhttps:\/\/www.youtube.com\/watch?v=ip6vFqdUqyA&#038;t=26s\u00a0\u00bb _builder_version=\u00a0\u00bb4.11.4&Prime; _module_preset=\u00a0\u00bbdefault\u00a0\u00bb box_shadow_style=\u00a0\u00bbpreset1&Prime; box_shadow_blur=\u00a0\u00bb2px\u00a0\u00bb locked=\u00a0\u00bboff\u00a0\u00bb global_colors_info=\u00a0\u00bb{}\u00a0\u00bb][\/et_pb_video][et_pb_toggle title=\u00a0\u00bbOur Synodal journey: A testimonial by Malou Foz\u00a0\u00bb open_toggle_text_color=\u00a0\u00bb#A42946&Prime; use_icon_font_size=\u00a0\u00bbon\u00a0\u00bb _builder_version=\u00a0\u00bb4.11.4&Prime; _module_preset=\u00a0\u00bbdefault\u00a0\u00bb title_text_color=\u00a0\u00bb#00B5B5&Prime; title_level=\u00a0\u00bbh4&Prime; title_font=\u00a0\u00bbSchoolbell|700|||||||\u00a0\u00bb title_text_align=\u00a0\u00bbleft\u00a0\u00bb title_font_size=\u00a0\u00bb27px\u00a0\u00bb title_line_height=\u00a0\u00bb1.2em\u00a0\u00bb body_font=\u00a0\u00bbCardo|700|||||||\u00a0\u00bb body_text_color=\u00a0\u00bb#000000&Prime; body_font_size=\u00a0\u00bb18px\u00a0\u00bb background_color=\u00a0\u00bbRGBA(0,0,0,0)\u00a0\u00bb border_width_all=\u00a0\u00bb0px\u00a0\u00bb locked=\u00a0\u00bboff\u00a0\u00bb global_colors_info=\u00a0\u00bb{}\u00a0\u00bb]<\/p>\n<div id=\"meta\" class=\"style-scope ytd-watch-flexy\">\n<div id=\"meta-contents\" class=\"style-scope ytd-watch-flexy\">\n<p><span>How can you make a difference in the transformation of the Church? Your voice matters in the Synod. Hear first-hand from those who have joined the synodal process in Montreal. Malou Foz shares her experience so far. <\/span><\/p>\n<p><span dir=\"auto\" class=\"style-scope yt-formatted-string\">Interested in taking part? <\/span><span dir=\"auto\" class=\"style-scope yt-formatted-string\">Contact your local parishes and visit the following link to <a href=\"https:\/\/docs.google.com\/forms\/d\/e\/1FAIpQLSeyxAkSpwnc2njl2e0WSM038BkZpFl3c7ntP5rbF1F0xJMO7g\/viewform\" target=\"_blank\" rel=\"noopener\">share your experience<\/a>.<\/span><\/p>\n<\/div>\n<\/div>\n<p>[\/et_pb_toggle][\/et_pb_column][\/et_pb_row][\/et_pb_section][et_pb_section fb_built=\u00a0\u00bb1&Prime; disabled_on=\u00a0\u00bbon|off|off\u00a0\u00bb _builder_version=\u00a0\u00bb4.11.4&Prime; _module_preset=\u00a0\u00bbdefault\u00a0\u00bb background_color=\u00a0\u00bb#ffffff\u00a0\u00bb background_enable_image=\u00a0\u00bboff\u00a0\u00bb background_blend=\u00a0\u00bbhard-light\u00a0\u00bb top_divider_style=\u00a0\u00bbmountains2&Prime; top_divider_color=\u00a0\u00bb#DE8F32&Prime; top_divider_height=\u00a0\u00bb61px\u00a0\u00bb top_divider_repeat=\u00a0\u00bb1x\u00a0\u00bb saved_tabs=\u00a0\u00bball\u00a0\u00bb locked=\u00a0\u00bboff\u00a0\u00bb global_colors_info=\u00a0\u00bb{}\u00a0\u00bb][et_pb_row _builder_version=\u00a0\u00bb4.11.4&Prime; _module_preset=\u00a0\u00bbdefault\u00a0\u00bb custom_margin=\u00a0\u00bb50px|auto||auto||\u00a0\u00bb locked=\u00a0\u00bboff\u00a0\u00bb global_colors_info=\u00a0\u00bb{}\u00a0\u00bb][et_pb_column type=\u00a0\u00bb4_4&Prime; _builder_version=\u00a0\u00bb4.11.4&Prime; _module_preset=\u00a0\u00bbdefault\u00a0\u00bb global_colors_info=\u00a0\u00bb{}\u00a0\u00bb][et_pb_text _builder_version=\u00a0\u00bb4.11.4&Prime; _module_preset=\u00a0\u00bbdefault\u00a0\u00bb text_font=\u00a0\u00bbSchoolbell||||||||\u00a0\u00bb text_text_color=\u00a0\u00bb#BCCB41&Prime; text_font_size=\u00a0\u00bb45px\u00a0\u00bb header_font=\u00a0\u00bbCardo||||||||\u00a0\u00bb header_text_color=\u00a0\u00bb#A42946&Prime; header_font_size=\u00a0\u00bb56px\u00a0\u00bb custom_margin=\u00a0\u00bb-20px|||||\u00a0\u00bb custom_padding=\u00a0\u00bb0px|||||\u00a0\u00bb global_colors_info=\u00a0\u00bb{}\u00a0\u00bb]<\/p>\n<h1>Our journey begins<\/h1>\n<p>[\/et_pb_text][\/et_pb_column][\/et_pb_row][et_pb_row column_structure=\u00a0\u00bb1_3,1_3,1_3&Prime; _builder_version=\u00a0\u00bb4.11.4&Prime; _module_preset=\u00a0\u00bbdefault\u00a0\u00bb background_enable_color=\u00a0\u00bboff\u00a0\u00bb vertical_offset=\u00a0\u00bb0px\u00a0\u00bb custom_margin=\u00a0\u00bb-10px||||false|false\u00a0\u00bb custom_padding=\u00a0\u00bb15px|15px|15px|15px|false|false\u00a0\u00bb locked=\u00a0\u00bboff\u00a0\u00bb global_colors_info=\u00a0\u00bb{}\u00a0\u00bb][et_pb_column type=\u00a0\u00bb1_3&Prime; _builder_version=\u00a0\u00bb4.11.4&Prime; _module_preset=\u00a0\u00bbdefault\u00a0\u00bb background_color=\u00a0\u00bbRGBA(0,0,0,0)\u00a0\u00bb custom_padding=\u00a0\u00bb15px|15px|15px|15px|false|false\u00a0\u00bb border_color_all=\u00a0\u00bb#A03983&Prime; global_colors_info=\u00a0\u00bb{}\u00a0\u00bb][et_pb_video src=\u00a0\u00bbhttps:\/\/youtu.be\/HChY-g4HiGA\u00a0\u00bb image_src=\u00a0\u00bb\/\/i.ytimg.com\/vi\/HChY-g4HiGA\/hqdefault.jpg\u00a0\u00bb _builder_version=\u00a0\u00bb4.11.4&Prime; _module_preset=\u00a0\u00bbdefault\u00a0\u00bb width=\u00a0\u00bb80%\u00a0\u00bb module_alignment=\u00a0\u00bbcenter\u00a0\u00bb custom_margin=\u00a0\u00bb||||false|true\u00a0\u00bb custom_padding=\u00a0\u00bb||||false|true\u00a0\u00bb animation_style=\u00a0\u00bbfold\u00a0\u00bb box_shadow_style=\u00a0\u00bbpreset1&Prime; box_shadow_horizontal=\u00a0\u00bb10px\u00a0\u00bb box_shadow_vertical=\u00a0\u00bb10px\u00a0\u00bb locked=\u00a0\u00bboff\u00a0\u00bb global_colors_info=\u00a0\u00bb{}\u00a0\u00bb][\/et_pb_video][et_pb_toggle title=\u00a0\u00bbRe-launch of \u201cTogether on a Mission\u201d\u00a0\u00bb open_toggle_text_color=\u00a0\u00bb#A42946&Prime; use_icon_font_size=\u00a0\u00bbon\u00a0\u00bb _builder_version=\u00a0\u00bb4.11.4&Prime; _module_preset=\u00a0\u00bbdefault\u00a0\u00bb title_text_color=\u00a0\u00bb#00B5B5&Prime; title_level=\u00a0\u00bbh4&Prime; title_font=\u00a0\u00bbSchoolbell|700|||||||\u00a0\u00bb title_font_size=\u00a0\u00bb33px\u00a0\u00bb body_font=\u00a0\u00bbCardo|700|||||||\u00a0\u00bb body_text_color=\u00a0\u00bb#000000&Prime; body_font_size=\u00a0\u00bb18px\u00a0\u00bb background_color=\u00a0\u00bbRGBA(0,0,0,0)\u00a0\u00bb min_height=\u00a0\u00bb172px\u00a0\u00bb border_width_all=\u00a0\u00bb0px\u00a0\u00bb global_colors_info=\u00a0\u00bb{}\u00a0\u00bb]<\/p>\n<p style=\"text-align: justify;\"><strong>On September 13, Archbishop Christian L\u00e9pine of Montreal invited us to participate in different steps to live our missionary transformation within the framework of the diocesan construction site.<\/strong><\/p>\n<p>[\/et_pb_toggle][et_pb_button button_url=\u00a0\u00bbhttps:\/\/microsites.diocesemontreal.org\/html\/lancement-13-septembre\/Soiree-ensemble-en-mission-1.2.pdf\u00a0\u00bb url_new_window=\u00a0\u00bbon\u00a0\u00bb button_text=\u00a0\u00bbDownload PDF\u00a0\u00bb button_alignment=\u00a0\u00bbcenter\u00a0\u00bb _builder_version=\u00a0\u00bb4.11.4&Prime; _module_preset=\u00a0\u00bbdefault\u00a0\u00bb custom_button=\u00a0\u00bbon\u00a0\u00bb button_text_size=\u00a0\u00bb20px\u00a0\u00bb button_text_color=\u00a0\u00bb#00B5B5&Prime; button_bg_color=\u00a0\u00bb#FFFFFF\u00a0\u00bb button_border_width=\u00a0\u00bb2px\u00a0\u00bb button_border_radius=\u00a0\u00bb12px\u00a0\u00bb button_font=\u00a0\u00bbAlata||||||||\u00a0\u00bb button_icon=\u00a0\u00bb%%21%%\u00a0\u00bb button_icon_color=\u00a0\u00bb#00B5B5&Prime; positioning=\u00a0\u00bbrelative\u00a0\u00bb vertical_offset=\u00a0\u00bb-10px\u00a0\u00bb custom_margin=\u00a0\u00bb||83px||false|false\u00a0\u00bb box_shadow_style=\u00a0\u00bbpreset3&Prime; locked=\u00a0\u00bboff\u00a0\u00bb global_colors_info=\u00a0\u00bb{}\u00a0\u00bb][\/et_pb_button][\/et_pb_column][et_pb_column type=\u00a0\u00bb1_3&Prime; _builder_version=\u00a0\u00bb4.11.4&Prime; _module_preset=\u00a0\u00bbdefault\u00a0\u00bb background_color=\u00a0\u00bbRGBA(0,0,0,0)\u00a0\u00bb custom_padding=\u00a0\u00bb15px|15px|15px|15px|false|false\u00a0\u00bb border_color_all=\u00a0\u00bb#A03983&Prime; global_colors_info=\u00a0\u00bb{}\u00a0\u00bb][et_pb_video src=\u00a0\u00bbhttp:\/\/www.youtube.com\/watch?v=SKh3dHALDpo\u00a0\u00bb image_src=\u00a0\u00bb\/\/i.ytimg.com\/vi\/SKh3dHALDpo\/hqdefault.jpg\u00a0\u00bb _builder_version=\u00a0\u00bb4.11.4&Prime; _module_preset=\u00a0\u00bbdefault\u00a0\u00bb width=\u00a0\u00bb80%\u00a0\u00bb module_alignment=\u00a0\u00bbcenter\u00a0\u00bb custom_margin=\u00a0\u00bb||||false|true\u00a0\u00bb custom_padding=\u00a0\u00bb||||false|true\u00a0\u00bb animation_style=\u00a0\u00bbfold\u00a0\u00bb box_shadow_style=\u00a0\u00bbpreset1&Prime; box_shadow_horizontal=\u00a0\u00bb10px\u00a0\u00bb box_shadow_vertical=\u00a0\u00bb10px\u00a0\u00bb locked=\u00a0\u00bboff\u00a0\u00bb global_colors_info=\u00a0\u00bb{}\u00a0\u00bb][\/et_pb_video][et_pb_toggle title=\u00a0\u00bbWhy a synod on synodality?\u00a0\u00bb open_toggle_text_color=\u00a0\u00bb#A42946&Prime; use_icon_font_size=\u00a0\u00bbon\u00a0\u00bb _builder_version=\u00a0\u00bb4.11.4&Prime; _module_preset=\u00a0\u00bbdefault\u00a0\u00bb title_text_color=\u00a0\u00bb#00B5B5&Prime; title_level=\u00a0\u00bbh4&Prime; title_font=\u00a0\u00bbSchoolbell|700|||||||\u00a0\u00bb title_font_size=\u00a0\u00bb33px\u00a0\u00bb body_font=\u00a0\u00bbCardo|700|||||||\u00a0\u00bb body_text_color=\u00a0\u00bb#000000&Prime; body_font_size=\u00a0\u00bb18px\u00a0\u00bb background_color=\u00a0\u00bbRGBA(0,0,0,0)\u00a0\u00bb min_height=\u00a0\u00bb305px\u00a0\u00bb border_width_all=\u00a0\u00bb0px\u00a0\u00bb global_colors_info=\u00a0\u00bb{}\u00a0\u00bb]<\/p>\n<p><strong><span>What exactly does the word Synod mean? Father Raymond Lafontaine explains it to us in a few minutes.<\/span><\/strong><\/p>\n<p>[\/et_pb_toggle][\/et_pb_column][et_pb_column type=\u00a0\u00bb1_3&Prime; _builder_version=\u00a0\u00bb4.11.4&Prime; _module_preset=\u00a0\u00bbdefault\u00a0\u00bb background_color=\u00a0\u00bbRGBA(0,0,0,0)\u00a0\u00bb custom_padding=\u00a0\u00bb15px|15px|15px|15px|false|false\u00a0\u00bb border_color_all=\u00a0\u00bb#A03983&Prime; global_colors_info=\u00a0\u00bb{}\u00a0\u00bb][et_pb_video src=\u00a0\u00bbhttp:\/\/youtu.be\/xl7AIs7amJA\u00a0\u00bb image_src=\u00a0\u00bb\/\/i.ytimg.com\/vi\/xl7AIs7amJA\/hqdefault.jpg\u00a0\u00bb _builder_version=\u00a0\u00bb4.11.4&Prime; _module_preset=\u00a0\u00bbdefault\u00a0\u00bb width=\u00a0\u00bb80%\u00a0\u00bb module_alignment=\u00a0\u00bbcenter\u00a0\u00bb custom_margin=\u00a0\u00bb||||false|true\u00a0\u00bb custom_padding=\u00a0\u00bb||||false|true\u00a0\u00bb animation_style=\u00a0\u00bbfold\u00a0\u00bb box_shadow_style=\u00a0\u00bbpreset1&Prime; box_shadow_horizontal=\u00a0\u00bb10px\u00a0\u00bb box_shadow_vertical=\u00a0\u00bb10px\u00a0\u00bb locked=\u00a0\u00bboff\u00a0\u00bb global_colors_info=\u00a0\u00bb{}\u00a0\u00bb][\/et_pb_video][et_pb_toggle title=\u00a0\u00bbDiocesan Synodal Process in Montreal\u00a0\u00bb open_toggle_text_color=\u00a0\u00bb#A42946&Prime; use_icon_font_size=\u00a0\u00bbon\u00a0\u00bb _builder_version=\u00a0\u00bb4.11.4&Prime; _module_preset=\u00a0\u00bbdefault\u00a0\u00bb title_text_color=\u00a0\u00bb#00B5B5&Prime; title_level=\u00a0\u00bbh4&Prime; title_font=\u00a0\u00bbSchoolbell|700|||||||\u00a0\u00bb title_font_size=\u00a0\u00bb33px\u00a0\u00bb body_font=\u00a0\u00bbCardo|700|||||||\u00a0\u00bb body_text_color=\u00a0\u00bb#000000&Prime; body_font_size=\u00a0\u00bb18px\u00a0\u00bb background_color=\u00a0\u00bbRGBA(0,0,0,0)\u00a0\u00bb min_height=\u00a0\u00bb172px\u00a0\u00bb border_width_all=\u00a0\u00bb0px\u00a0\u00bb global_colors_info=\u00a0\u00bb{}\u00a0\u00bb]<\/p>\n<p><strong>On October 17, Archbishop Christian L\u00e9pine invited us to participate in a Votive Mass of the Holy Spirit to mark the beginning of this diocesan synodal experience. He explains to us how we can become missionary disciples at the beginning of the synod. Bishop Alain Faubert, presents the next steps of the diocesan synod.<\/strong><\/p>\n<p>[\/et_pb_toggle][et_pb_button button_url=\u00a0\u00bbhttps:\/\/www.youtube.com\/watch?v=jpSqAwY6Ezg\u00a0\u00bb url_new_window=\u00a0\u00bbon\u00a0\u00bb button_text=\u00a0\u00bbFull Video\u00a0\u00bb button_alignment=\u00a0\u00bbcenter\u00a0\u00bb _builder_version=\u00a0\u00bb4.11.4&Prime; _module_preset=\u00a0\u00bbdefault\u00a0\u00bb custom_button=\u00a0\u00bbon\u00a0\u00bb button_text_size=\u00a0\u00bb20px\u00a0\u00bb button_text_color=\u00a0\u00bb#00B5B5&Prime; button_bg_color=\u00a0\u00bb#FFFFFF\u00a0\u00bb button_border_width=\u00a0\u00bb2px\u00a0\u00bb button_border_radius=\u00a0\u00bb12px\u00a0\u00bb button_font=\u00a0\u00bbAlata||||||||\u00a0\u00bb button_icon=\u00a0\u00bb%%21%%\u00a0\u00bb button_icon_color=\u00a0\u00bb#00B5B5&Prime; positioning=\u00a0\u00bbrelative\u00a0\u00bb vertical_offset=\u00a0\u00bb-10px\u00a0\u00bb custom_margin=\u00a0\u00bb||83px||false|false\u00a0\u00bb box_shadow_style=\u00a0\u00bbpreset3&Prime; locked=\u00a0\u00bboff\u00a0\u00bb global_colors_info=\u00a0\u00bb{}\u00a0\u00bb][\/et_pb_button][\/et_pb_column][\/et_pb_row][\/et_pb_section][et_pb_section fb_built=\u00a0\u00bb1&Prime; disabled_on=\u00a0\u00bboff|on|on\u00a0\u00bb _builder_version=\u00a0\u00bb4.11.4&Prime; _module_preset=\u00a0\u00bbdefault\u00a0\u00bb background_color=\u00a0\u00bb#ffffff\u00a0\u00bb background_image=\u00a0\u00bbhttps:\/\/microsites.diocesemontreal.org\/microsites\/synode\/wp-content\/uploads\/sites\/50\/2021\/10\/fond-video.png\u00a0\u00bb background_blend=\u00a0\u00bbhard-light\u00a0\u00bb top_divider_color=\u00a0\u00bb#DE8F32&Prime; top_divider_height=\u00a0\u00bb98px\u00a0\u00bb top_divider_repeat=\u00a0\u00bb1x\u00a0\u00bb saved_tabs=\u00a0\u00bball\u00a0\u00bb locked=\u00a0\u00bboff\u00a0\u00bb global_colors_info=\u00a0\u00bb{}\u00a0\u00bb][et_pb_row _builder_version=\u00a0\u00bb4.11.4&Prime; _module_preset=\u00a0\u00bbdefault\u00a0\u00bb custom_margin=\u00a0\u00bb50px|auto||auto||\u00a0\u00bb locked=\u00a0\u00bboff\u00a0\u00bb global_colors_info=\u00a0\u00bb{}\u00a0\u00bb][et_pb_column type=\u00a0\u00bb4_4&Prime; _builder_version=\u00a0\u00bb4.11.4&Prime; _module_preset=\u00a0\u00bbdefault\u00a0\u00bb global_colors_info=\u00a0\u00bb{}\u00a0\u00bb][et_pb_text _builder_version=\u00a0\u00bb4.11.4&Prime; _module_preset=\u00a0\u00bbdefault\u00a0\u00bb text_font=\u00a0\u00bbSchoolbell||||||||\u00a0\u00bb text_text_color=\u00a0\u00bb#BCCB41&Prime; text_font_size=\u00a0\u00bb45px\u00a0\u00bb header_font=\u00a0\u00bbCardo||||||||\u00a0\u00bb header_text_color=\u00a0\u00bb#A42946&Prime; header_font_size=\u00a0\u00bb56px\u00a0\u00bb custom_margin=\u00a0\u00bb-20px|||||\u00a0\u00bb custom_padding=\u00a0\u00bb0px|||||\u00a0\u00bb global_colors_info=\u00a0\u00bb{}\u00a0\u00bb]<\/p>\n<h1>Our journey begins<\/h1>\n<p>[\/et_pb_text][\/et_pb_column][\/et_pb_row][et_pb_row _builder_version=\u00a0\u00bb4.11.4&Prime; _module_preset=\u00a0\u00bbdefault\u00a0\u00bb background_enable_color=\u00a0\u00bboff\u00a0\u00bb vertical_offset=\u00a0\u00bb0px\u00a0\u00bb custom_margin=\u00a0\u00bb0px||||false|false\u00a0\u00bb custom_padding=\u00a0\u00bb0px|0px|0px|0px|false|false\u00a0\u00bb locked=\u00a0\u00bboff\u00a0\u00bb global_colors_info=\u00a0\u00bb{}\u00a0\u00bb][et_pb_column type=\u00a0\u00bb4_4&Prime; _builder_version=\u00a0\u00bb4.11.4&Prime; _module_preset=\u00a0\u00bbdefault\u00a0\u00bb background_color=\u00a0\u00bbRGBA(0,0,0,0)\u00a0\u00bb custom_padding=\u00a0\u00bb15px|15px|15px|15px|false|false\u00a0\u00bb border_color_all=\u00a0\u00bb#A03983&Prime; global_colors_info=\u00a0\u00bb{}\u00a0\u00bb][et_pb_video src=\u00a0\u00bbhttps:\/\/youtu.be\/HChY-g4HiGA\u00a0\u00bb image_src=\u00a0\u00bb\/\/i.ytimg.com\/vi\/HChY-g4HiGA\/hqdefault.jpg\u00a0\u00bb _builder_version=\u00a0\u00bb4.11.4&Prime; _module_preset=\u00a0\u00bbdefault\u00a0\u00bb width=\u00a0\u00bb100%\u00a0\u00bb module_alignment=\u00a0\u00bbcenter\u00a0\u00bb custom_margin=\u00a0\u00bb||||false|true\u00a0\u00bb custom_padding=\u00a0\u00bb||||false|true\u00a0\u00bb animation_style=\u00a0\u00bbfold\u00a0\u00bb box_shadow_style=\u00a0\u00bbpreset1&Prime; box_shadow_horizontal=\u00a0\u00bb10px\u00a0\u00bb box_shadow_vertical=\u00a0\u00bb10px\u00a0\u00bb locked=\u00a0\u00bboff\u00a0\u00bb global_colors_info=\u00a0\u00bb{}\u00a0\u00bb][\/et_pb_video][et_pb_toggle title=\u00a0\u00bbRe-launch of \u201cTogether on a Mission\u201d\u00a0\u00bb open_toggle_text_color=\u00a0\u00bb#A42946&Prime; use_icon_font_size=\u00a0\u00bbon\u00a0\u00bb _builder_version=\u00a0\u00bb4.11.4&Prime; _module_preset=\u00a0\u00bbdefault\u00a0\u00bb title_text_color=\u00a0\u00bb#00B5B5&Prime; title_level=\u00a0\u00bbh4&Prime; title_font=\u00a0\u00bbSchoolbell|700|||||||\u00a0\u00bb title_font_size=\u00a0\u00bb33px\u00a0\u00bb body_font=\u00a0\u00bbCardo|700|||||||\u00a0\u00bb body_text_color=\u00a0\u00bb#000000&Prime; body_font_size=\u00a0\u00bb18px\u00a0\u00bb background_color=\u00a0\u00bbRGBA(0,0,0,0)\u00a0\u00bb border_width_all=\u00a0\u00bb0px\u00a0\u00bb global_colors_info=\u00a0\u00bb{}\u00a0\u00bb]<\/p>\n<p style=\"text-align: justify;\"><strong>On September 13, Archbishop Christian L\u00e9pine of Montreal invited us to participate in different steps to live our missionary transformation within the framework of the diocesan construction site.<\/strong><\/p>\n<p>[\/et_pb_toggle][et_pb_button button_url=\u00a0\u00bbhttps:\/\/microsites.diocesemontreal.org\/html\/lancement-13-septembre\/Soiree-ensemble-en-mission-1.2.pdf\u00a0\u00bb url_new_window=\u00a0\u00bbon\u00a0\u00bb button_text=\u00a0\u00bbDownload PDF\u00a0\u00bb button_alignment=\u00a0\u00bbcenter\u00a0\u00bb _builder_version=\u00a0\u00bb4.11.4&Prime; _module_preset=\u00a0\u00bbdefault\u00a0\u00bb custom_button=\u00a0\u00bbon\u00a0\u00bb button_text_size=\u00a0\u00bb20px\u00a0\u00bb button_text_color=\u00a0\u00bb#00B5B5&Prime; button_bg_color=\u00a0\u00bb#FFFFFF\u00a0\u00bb button_border_width=\u00a0\u00bb2px\u00a0\u00bb button_border_radius=\u00a0\u00bb12px\u00a0\u00bb button_font=\u00a0\u00bbAlata||||||||\u00a0\u00bb button_icon=\u00a0\u00bb%%21%%\u00a0\u00bb button_icon_color=\u00a0\u00bb#00B5B5&Prime; positioning=\u00a0\u00bbrelative\u00a0\u00bb vertical_offset=\u00a0\u00bb-10px\u00a0\u00bb custom_margin=\u00a0\u00bb||83px||false|false\u00a0\u00bb box_shadow_style=\u00a0\u00bbpreset3&Prime; locked=\u00a0\u00bboff\u00a0\u00bb global_colors_info=\u00a0\u00bb{}\u00a0\u00bb][\/et_pb_button][et_pb_video src=\u00a0\u00bbhttp:\/\/www.youtube.com\/watch?v=SKh3dHALDpo\u00a0\u00bb image_src=\u00a0\u00bb\/\/i.ytimg.com\/vi\/SKh3dHALDpo\/hqdefault.jpg\u00a0\u00bb _builder_version=\u00a0\u00bb4.11.4&Prime; _module_preset=\u00a0\u00bbdefault\u00a0\u00bb width=\u00a0\u00bb100%\u00a0\u00bb module_alignment=\u00a0\u00bbcenter\u00a0\u00bb custom_margin=\u00a0\u00bb||||false|true\u00a0\u00bb custom_padding=\u00a0\u00bb||||false|true\u00a0\u00bb animation_style=\u00a0\u00bbfold\u00a0\u00bb box_shadow_style=\u00a0\u00bbpreset1&Prime; box_shadow_horizontal=\u00a0\u00bb10px\u00a0\u00bb box_shadow_vertical=\u00a0\u00bb10px\u00a0\u00bb locked=\u00a0\u00bboff\u00a0\u00bb global_colors_info=\u00a0\u00bb{}\u00a0\u00bb][\/et_pb_video][et_pb_toggle title=\u00a0\u00bbWhy a synod on synodality?\u00a0\u00bb open_toggle_text_color=\u00a0\u00bb#A42946&Prime; use_icon_font_size=\u00a0\u00bbon\u00a0\u00bb _builder_version=\u00a0\u00bb4.11.4&Prime; _module_preset=\u00a0\u00bbdefault\u00a0\u00bb title_text_color=\u00a0\u00bb#00B5B5&Prime; title_level=\u00a0\u00bbh4&Prime; title_font=\u00a0\u00bbSchoolbell|700|||||||\u00a0\u00bb title_font_size=\u00a0\u00bb33px\u00a0\u00bb body_font=\u00a0\u00bbCardo|700|||||||\u00a0\u00bb body_text_color=\u00a0\u00bb#000000&Prime; body_font_size=\u00a0\u00bb18px\u00a0\u00bb background_color=\u00a0\u00bbRGBA(0,0,0,0)\u00a0\u00bb border_width_all=\u00a0\u00bb0px\u00a0\u00bb global_colors_info=\u00a0\u00bb{}\u00a0\u00bb]<\/p>\n<p><strong><span>What exactly does the word Synod mean? Father Raymond Lafontaine explains it to us in a few minutes.<\/span><\/strong><\/p>\n<p>[\/et_pb_toggle][et_pb_video src=\u00a0\u00bbhttp:\/\/youtu.be\/xl7AIs7amJA\u00a0\u00bb image_src=\u00a0\u00bb\/\/i.ytimg.com\/vi\/xl7AIs7amJA\/hqdefault.jpg\u00a0\u00bb _builder_version=\u00a0\u00bb4.11.4&Prime; _module_preset=\u00a0\u00bbdefault\u00a0\u00bb width=\u00a0\u00bb100%\u00a0\u00bb module_alignment=\u00a0\u00bbcenter\u00a0\u00bb custom_margin=\u00a0\u00bb||||false|true\u00a0\u00bb custom_padding=\u00a0\u00bb||||false|true\u00a0\u00bb animation_style=\u00a0\u00bbfold\u00a0\u00bb box_shadow_style=\u00a0\u00bbpreset1&Prime; box_shadow_horizontal=\u00a0\u00bb10px\u00a0\u00bb box_shadow_vertical=\u00a0\u00bb10px\u00a0\u00bb locked=\u00a0\u00bboff\u00a0\u00bb global_colors_info=\u00a0\u00bb{}\u00a0\u00bb][\/et_pb_video][et_pb_toggle title=\u00a0\u00bbDiocesan Synodal Process in Montreal\u00a0\u00bb open_toggle_text_color=\u00a0\u00bb#A42946&Prime; use_icon_font_size=\u00a0\u00bbon\u00a0\u00bb _builder_version=\u00a0\u00bb4.11.4&Prime; _module_preset=\u00a0\u00bbdefault\u00a0\u00bb title_text_color=\u00a0\u00bb#00B5B5&Prime; title_level=\u00a0\u00bbh4&Prime; title_font=\u00a0\u00bbSchoolbell|700|||||||\u00a0\u00bb title_font_size=\u00a0\u00bb33px\u00a0\u00bb body_font=\u00a0\u00bbCardo|700|||||||\u00a0\u00bb body_text_color=\u00a0\u00bb#000000&Prime; body_font_size=\u00a0\u00bb18px\u00a0\u00bb background_color=\u00a0\u00bbRGBA(0,0,0,0)\u00a0\u00bb border_width_all=\u00a0\u00bb0px\u00a0\u00bb global_colors_info=\u00a0\u00bb{}\u00a0\u00bb]<\/p>\n<p><strong>On October 17, Archbishop Christian L\u00e9pine invited us to participate in a Votive Mass of the Holy Spirit to mark the beginning of this diocesan synodal experience. He explains to us how we can become missionary disciples at the beginning of the synod. Bishop Alain Faubert, presents the next steps of the diocesan synod.<\/strong><\/p>\n<p>[\/et_pb_toggle][et_pb_button button_url=\u00a0\u00bbhttps:\/\/www.youtube.com\/watch?v=jpSqAwY6Ezg\u00a0\u00bb url_new_window=\u00a0\u00bbon\u00a0\u00bb button_text=\u00a0\u00bbFull Video\u00a0\u00bb button_alignment=\u00a0\u00bbcenter\u00a0\u00bb _builder_version=\u00a0\u00bb4.11.4&Prime; _module_preset=\u00a0\u00bbdefault\u00a0\u00bb custom_button=\u00a0\u00bbon\u00a0\u00bb button_text_size=\u00a0\u00bb20px\u00a0\u00bb button_text_color=\u00a0\u00bb#00B5B5&Prime; button_bg_color=\u00a0\u00bb#FFFFFF\u00a0\u00bb button_border_width=\u00a0\u00bb2px\u00a0\u00bb button_border_radius=\u00a0\u00bb12px\u00a0\u00bb button_font=\u00a0\u00bbAlata||||||||\u00a0\u00bb button_icon=\u00a0\u00bb%%21%%\u00a0\u00bb button_icon_color=\u00a0\u00bb#00B5B5&Prime; positioning=\u00a0\u00bbrelative\u00a0\u00bb vertical_offset=\u00a0\u00bb-10px\u00a0\u00bb custom_margin=\u00a0\u00bb||83px||false|false\u00a0\u00bb box_shadow_style=\u00a0\u00bbpreset3&Prime; locked=\u00a0\u00bboff\u00a0\u00bb global_colors_info=\u00a0\u00bb{}\u00a0\u00bb][\/et_pb_button][\/et_pb_column][\/et_pb_row][\/et_pb_section]<\/p>\n","protected":false},"excerpt":{"rendered":"<p>Trainings and adapted approachesSpiritual Conversation MethodPrepare for your role as facilitator for your community\u2019s synodal meeting by learning the Spiritual conversation method. This method will support each person taking part in the synodal meeting in listening to the Holy Spirit, in speaking to the group, and in approaching a communal formulation in response to synodal [&hellip;]<\/p>\n","protected":false},"author":360,"featured_media":0,"parent":443,"menu_order":1,"comment_status":"closed","ping_status":"closed","template":"","meta":{"_et_pb_use_builder":"on","_et_pb_old_content":"","_et_gb_content_width":"","_monsterinsights_skip_tracking":false,"_monsterinsights_sitenote_active":false,"_monsterinsights_sitenote_note":"","_monsterinsights_sitenote_category":0,"footnotes":""},"class_list":["post-1556","page","type-page","status-publish","hentry"],"yoast_head":"<!-- This site is optimized with the Yoast SEO plugin v26.4 - https:\/\/yoast.com\/wordpress\/plugins\/seo\/ -->\n<title>Videos<\/title>\n<meta name=\"robots\" content=\"index, follow, max-snippet:-1, max-image-preview:large, max-video-preview:-1\" \/>\n<link rel=\"canonical\" href=\"https:\/\/microsites.diocesemontreal.org\/microsites\/synode\/home\/videos\/\" \/>\n<meta property=\"og:locale\" content=\"fr_CA\" \/>\n<meta property=\"og:type\" content=\"article\" \/>\n<meta property=\"og:title\" content=\"Videos\" \/>\n<meta property=\"og:description\" content=\"Trainings and adapted approachesSpiritual Conversation MethodPrepare for your role as facilitator for your community\u2019s synodal meeting by learning the Spiritual conversation method. This method will support each person taking part in the synodal meeting in listening to the Holy Spirit, in speaking to the group, and in approaching a communal formulation in response to synodal [&hellip;]\" \/>\n<meta property=\"og:url\" content=\"https:\/\/microsites.diocesemontreal.org\/microsites\/synode\/home\/videos\/\" \/>\n<meta property=\"og:site_name\" content=\"Synode\" \/>\n<meta property=\"article:publisher\" content=\"https:\/\/www.facebook.com\/diocesemontreal\" \/>\n<meta property=\"article:modified_time\" content=\"2022-05-19T19:20:08+00:00\" \/>\n<meta name=\"twitter:card\" content=\"summary_large_image\" \/>\n<meta name=\"twitter:site\" content=\"@diocesemontreal\" \/>\n<script type=\"application\/ld+json\" class=\"yoast-schema-graph\">{\"@context\":\"https:\/\/schema.org\",\"@graph\":[{\"@type\":\"WebPage\",\"@id\":\"https:\/\/microsites.diocesemontreal.org\/microsites\/synode\/home\/videos\/\",\"url\":\"https:\/\/microsites.diocesemontreal.org\/microsites\/synode\/home\/videos\/\",\"name\":\"Videos\",\"isPartOf\":{\"@id\":\"https:\/\/microsites.diocesemontreal.org\/microsites\/synode\/#website\"},\"datePublished\":\"2022-03-21T03:20:12+00:00\",\"dateModified\":\"2022-05-19T19:20:08+00:00\",\"breadcrumb\":{\"@id\":\"https:\/\/microsites.diocesemontreal.org\/microsites\/synode\/home\/videos\/#breadcrumb\"},\"inLanguage\":\"fr-CA\",\"potentialAction\":[{\"@type\":\"ReadAction\",\"target\":[\"https:\/\/microsites.diocesemontreal.org\/microsites\/synode\/home\/videos\/\"]}]},{\"@type\":\"BreadcrumbList\",\"@id\":\"https:\/\/microsites.diocesemontreal.org\/microsites\/synode\/home\/videos\/#breadcrumb\",\"itemListElement\":[{\"@type\":\"ListItem\",\"position\":1,\"name\":\"Accueil\",\"item\":\"https:\/\/microsites.diocesemontreal.org\/microsites\/synode\/\"},{\"@type\":\"ListItem\",\"position\":2,\"name\":\"Home\",\"item\":\"https:\/\/microsites.diocesemontreal.org\/microsites\/synode\/home\/\"},{\"@type\":\"ListItem\",\"position\":3,\"name\":\"Videos\"}]},{\"@type\":\"WebSite\",\"@id\":\"https:\/\/microsites.diocesemontreal.org\/microsites\/synode\/#website\",\"url\":\"https:\/\/microsites.diocesemontreal.org\/microsites\/synode\/\",\"name\":\"Synode sur la Synodalit\u00e9\",\"description\":\"Synode sur la synodalit\u00e9\",\"publisher\":{\"@id\":\"https:\/\/microsites.diocesemontreal.org\/microsites\/synode\/#organization\"},\"alternateName\":\"Pour une \u00e9glise Synodale Communion-Participation-Mission\",\"potentialAction\":[{\"@type\":\"SearchAction\",\"target\":{\"@type\":\"EntryPoint\",\"urlTemplate\":\"https:\/\/microsites.diocesemontreal.org\/microsites\/synode\/?s={search_term_string}\"},\"query-input\":{\"@type\":\"PropertyValueSpecification\",\"valueRequired\":true,\"valueName\":\"search_term_string\"}}],\"inLanguage\":\"fr-CA\"},{\"@type\":\"Organization\",\"@id\":\"https:\/\/microsites.diocesemontreal.org\/microsites\/synode\/#organization\",\"name\":\"Archev\u00each\u00e9 de Montr\u00e9al\",\"alternateName\":\"Archev\u00each\u00e9 de Montr\u00e9al\",\"url\":\"https:\/\/microsites.diocesemontreal.org\/microsites\/synode\/\",\"logo\":{\"@type\":\"ImageObject\",\"inLanguage\":\"fr-CA\",\"@id\":\"https:\/\/microsites.diocesemontreal.org\/microsites\/synode\/#\/schema\/logo\/image\/\",\"url\":\"https:\/\/microsites.diocesemontreal.org\/microsites\/synode\/wp-content\/uploads\/sites\/50\/2022\/05\/Eglise_catholique_Mtl_horizontal_FR_RGB.png\",\"contentUrl\":\"https:\/\/microsites.diocesemontreal.org\/microsites\/synode\/wp-content\/uploads\/sites\/50\/2022\/05\/Eglise_catholique_Mtl_horizontal_FR_RGB.png\",\"width\":2634,\"height\":720,\"caption\":\"Archev\u00each\u00e9 de Montr\u00e9al\"},\"image\":{\"@id\":\"https:\/\/microsites.diocesemontreal.org\/microsites\/synode\/#\/schema\/logo\/image\/\"},\"sameAs\":[\"https:\/\/www.facebook.com\/diocesemontreal\",\"https:\/\/x.com\/diocesemontreal\",\"https:\/\/www.instagram.com\/diocesemontreal\/\",\"https:\/\/www.youtube.com\/user\/diocesemtl\"]}]}<\/script>\n<!-- \/ Yoast SEO plugin. -->","yoast_head_json":{"title":"Videos","robots":{"index":"index","follow":"follow","max-snippet":"max-snippet:-1","max-image-preview":"max-image-preview:large","max-video-preview":"max-video-preview:-1"},"canonical":"https:\/\/microsites.diocesemontreal.org\/microsites\/synode\/home\/videos\/","og_locale":"fr_CA","og_type":"article","og_title":"Videos","og_description":"Trainings and adapted approachesSpiritual Conversation MethodPrepare for your role as facilitator for your community\u2019s synodal meeting by learning the Spiritual conversation method. This method will support each person taking part in the synodal meeting in listening to the Holy Spirit, in speaking to the group, and in approaching a communal formulation in response to synodal [&hellip;]","og_url":"https:\/\/microsites.diocesemontreal.org\/microsites\/synode\/home\/videos\/","og_site_name":"Synode","article_publisher":"https:\/\/www.facebook.com\/diocesemontreal","article_modified_time":"2022-05-19T19:20:08+00:00","twitter_card":"summary_large_image","twitter_site":"@diocesemontreal","schema":{"@context":"https:\/\/schema.org","@graph":[{"@type":"WebPage","@id":"https:\/\/microsites.diocesemontreal.org\/microsites\/synode\/home\/videos\/","url":"https:\/\/microsites.diocesemontreal.org\/microsites\/synode\/home\/videos\/","name":"Videos","isPartOf":{"@id":"https:\/\/microsites.diocesemontreal.org\/microsites\/synode\/#website"},"datePublished":"2022-03-21T03:20:12+00:00","dateModified":"2022-05-19T19:20:08+00:00","breadcrumb":{"@id":"https:\/\/microsites.diocesemontreal.org\/microsites\/synode\/home\/videos\/#breadcrumb"},"inLanguage":"fr-CA","potentialAction":[{"@type":"ReadAction","target":["https:\/\/microsites.diocesemontreal.org\/microsites\/synode\/home\/videos\/"]}]},{"@type":"BreadcrumbList","@id":"https:\/\/microsites.diocesemontreal.org\/microsites\/synode\/home\/videos\/#breadcrumb","itemListElement":[{"@type":"ListItem","position":1,"name":"Accueil","item":"https:\/\/microsites.diocesemontreal.org\/microsites\/synode\/"},{"@type":"ListItem","position":2,"name":"Home","item":"https:\/\/microsites.diocesemontreal.org\/microsites\/synode\/home\/"},{"@type":"ListItem","position":3,"name":"Videos"}]},{"@type":"WebSite","@id":"https:\/\/microsites.diocesemontreal.org\/microsites\/synode\/#website","url":"https:\/\/microsites.diocesemontreal.org\/microsites\/synode\/","name":"Synode sur la Synodalit\u00e9","description":"Synode sur la synodalit\u00e9","publisher":{"@id":"https:\/\/microsites.diocesemontreal.org\/microsites\/synode\/#organization"},"alternateName":"Pour une \u00e9glise Synodale Communion-Participation-Mission","potentialAction":[{"@type":"SearchAction","target":{"@type":"EntryPoint","urlTemplate":"https:\/\/microsites.diocesemontreal.org\/microsites\/synode\/?s={search_term_string}"},"query-input":{"@type":"PropertyValueSpecification","valueRequired":true,"valueName":"search_term_string"}}],"inLanguage":"fr-CA"},{"@type":"Organization","@id":"https:\/\/microsites.diocesemontreal.org\/microsites\/synode\/#organization","name":"Archev\u00each\u00e9 de Montr\u00e9al","alternateName":"Archev\u00each\u00e9 de Montr\u00e9al","url":"https:\/\/microsites.diocesemontreal.org\/microsites\/synode\/","logo":{"@type":"ImageObject","inLanguage":"fr-CA","@id":"https:\/\/microsites.diocesemontreal.org\/microsites\/synode\/#\/schema\/logo\/image\/","url":"https:\/\/microsites.diocesemontreal.org\/microsites\/synode\/wp-content\/uploads\/sites\/50\/2022\/05\/Eglise_catholique_Mtl_horizontal_FR_RGB.png","contentUrl":"https:\/\/microsites.diocesemontreal.org\/microsites\/synode\/wp-content\/uploads\/sites\/50\/2022\/05\/Eglise_catholique_Mtl_horizontal_FR_RGB.png","width":2634,"height":720,"caption":"Archev\u00each\u00e9 de Montr\u00e9al"},"image":{"@id":"https:\/\/microsites.diocesemontreal.org\/microsites\/synode\/#\/schema\/logo\/image\/"},"sameAs":["https:\/\/www.facebook.com\/diocesemontreal","https:\/\/x.com\/diocesemontreal","https:\/\/www.instagram.com\/diocesemontreal\/","https:\/\/www.youtube.com\/user\/diocesemtl"]}]}},"_links":{"self":[{"href":"https:\/\/microsites.diocesemontreal.org\/microsites\/synode\/wp-json\/wp\/v2\/pages\/1556","targetHints":{"allow":["GET"]}}],"collection":[{"href":"https:\/\/microsites.diocesemontreal.org\/microsites\/synode\/wp-json\/wp\/v2\/pages"}],"about":[{"href":"https:\/\/microsites.diocesemontreal.org\/microsites\/synode\/wp-json\/wp\/v2\/types\/page"}],"author":[{"embeddable":true,"href":"https:\/\/microsites.diocesemontreal.org\/microsites\/synode\/wp-json\/wp\/v2\/users\/360"}],"replies":[{"embeddable":true,"href":"https:\/\/microsites.diocesemontreal.org\/microsites\/synode\/wp-json\/wp\/v2\/comments?post=1556"}],"version-history":[{"count":21,"href":"https:\/\/microsites.diocesemontreal.org\/microsites\/synode\/wp-json\/wp\/v2\/pages\/1556\/revisions"}],"predecessor-version":[{"id":1774,"href":"https:\/\/microsites.diocesemontreal.org\/microsites\/synode\/wp-json\/wp\/v2\/pages\/1556\/revisions\/1774"}],"up":[{"embeddable":true,"href":"https:\/\/microsites.diocesemontreal.org\/microsites\/synode\/wp-json\/wp\/v2\/pages\/443"}],"wp:attachment":[{"href":"https:\/\/microsites.diocesemontreal.org\/microsites\/synode\/wp-json\/wp\/v2\/media?parent=1556"}],"curies":[{"name":"wp","href":"https:\/\/api.w.org\/{rel}","templated":true}]}}